{"id":466,"date":"2015-04-18T13:32:52","date_gmt":"2015-04-18T11:32:52","guid":{"rendered":"https:\/\/bukkleader.hu\/old\/?post_type=tribe_events&#038;p=466"},"modified":"2015-09-28T13:50:56","modified_gmt":"2015-09-28T11:50:56","slug":"2015-04-18-2011-02-04-kozotti-archiv-esemenyek","status":"publish","type":"tribe_events","link":"https:\/\/bukkleader.hu\/old\/esemeny\/2015-04-18-2011-02-04-kozotti-archiv-esemenyek\/","title":{"rendered":"2015.04.18. &#8211; 2011.02.04. k\u00f6z\u00f6tti arch\u00edv esem\u00e9nyek"},"content":{"rendered":"<p class=\"style6\"><em>2015. \u00e1prilis 16-18., B\u00fckkaranyos \u00e9s t\u00f6bb helysz\u00edn<\/em><span class=\"style212\"><br \/>&#8220;\u00d6komobilit\u00e1s megalapoz\u00e1sa a R\u00e1bak\u00f6zben&#8221; c. projekt keret\u00e9ben megval\u00f3sul\u00f3 3 napos tanulm\u00e1ny\u00fat (szervez\u0151: B\u00fckk-T\u00e9rs\u00e9gi LEADER Egyes\u00fclet)<\/span><br \/><a href=\"https:\/\/bukkleader.hu\/old\/downloads\/meghivo_rabakoz.pdf\" target=\"_blank\">Megh\u00edv\u00f3 let\u00f6lt\u00e9se &gt;&gt;<\/a> <a href=\"https:\/\/bukkleader.hu\/old\/downloads\/program_rabakoz.pdf\" target=\"_blank\">Program let\u00f6lt\u00e9se &gt;&gt;<\/a><\/p>\n<p class=\"style6\"><em>2015. m\u00e1rcius 11-28., B\u00fckkaranyos<\/em><span class=\"style212\"><br \/>&#8220;A gy\u00fcm\u00f6lcsfeldolgoz\u00e1s r\u00e9gi\u00f3nk\u00e9nti lehet\u0151s\u00e9gei&#8221; c. projekt keret\u00e9ben szervezett, h\u00e9t modulb\u00f3l \u00e1ll\u00f3 oktat\u00e1s (szervez\u0151: B\u00fckk-T\u00e9rs\u00e9gi LEADER Egyes\u00fclet)<\/span><br \/><a href=\"https:\/\/bukkleader.hu\/old\/downloads\/meghivo_oktatasra.docx\" target=\"_blank\">Megh\u00edv\u00f3 let\u00f6lt\u00e9se &gt;&gt;<\/a> <a href=\"https:\/\/bukkleader.hu\/old\/downloads\/oktatasi_tematika.doc\" target=\"_blank\">Oktat\u00e1si tematika let\u00f6lt\u00e9se &gt;&gt;<\/a><\/p>\n<p class=\"style6\"><em>2015. febru\u00e1r 20-21-22., B\u00fckkaranyos<\/em><span class=\"style212\"><br \/>Lovas vend\u00e9gl\u00e1t\u00f3 k\u00e9pz\u00e9s. (szervez\u0151: Equus Tour Turisztikai Nonprofit Kft.)<\/span><br \/><a href=\"https:\/\/bukkleader.hu\/old\/downloads\/meghivo_lovas_kepzes.pdf\" target=\"_blank\">Tov\u00e1bbi inform\u00e1ci\u00f3k, megh\u00edv\u00f3 let\u00f6lt\u00e9se &gt;&gt;<\/a><\/p>\n<p class=\"style6\"><em>2014. november 8., Saj\u00f3petri<\/em><span class=\"style212\"><br \/>&#8220;G\u00f6r\u00f6g Katolikus Templomok gy\u0171jtem\u00e9nye&#8221; c. projekt z\u00e1r\u00f3rendezv\u00e9nye. (szervez\u0151: Saj\u00f3petri G\u00f6r\u00f6g Katolikus Egyh\u00e1zk\u00f6zs\u00e9g)<\/span><br \/><a href=\"https:\/\/bukkleader.hu\/old\/downloads\/meghivo_program_sajopetri.doc\" target=\"_blank\">Megh\u00edv\u00f3 \u00e9s program let\u00f6lt\u00e9se &gt;&gt;<\/a><\/p>\n<p class=\"style6\"><em>2014. okt\u00f3ber 04., B\u00fckkaranyos<\/em><span class=\"style212\"><br \/>Workshop a &#8220;Komplex term\u00e9szet- \u00e9s k\u00f6rnyezetv\u00e9delmi program megval\u00f3s\u00edt\u00e1sa t\u00e9rs\u00e9gek k\u00f6z\u00f6tti egy\u00fcttm\u0171k\u00f6d\u00e9s keret\u00e9ben&#8221; c. projekt keret\u00e9ben. (szervez\u0151: B\u00fckk-Hegys\u00e9gi Meg\u00fajul\u00f3 Energi\u00e1k Iskol\u00e1k Alap\u00edtv\u00e1nya)<\/span><br \/><a href=\"https:\/\/bukkleader.hu\/old\/downloads\/workshop_program.pdf\" target=\"_blank\">Program let\u00f6lt\u00e9se &gt;&gt;<\/a> <a href=\"https:\/\/bukkleader.hu\/old\/meghivo_workshop.pdf\" target=\"_blank\">Megh\u00edv\u00f3 let\u00f6lt\u00e9se &gt;&gt;<\/a><\/p>\n<p class=\"style6\"><em>2014. okt\u00f3ber 03., B\u00fckkaranyos<\/em><span class=\"style212\"><br \/>&#8220;A gy\u00fcm\u00f6lcsfeldolgoz\u00e1s r\u00e9gi\u00f3nk\u00e9nti lehet\u0151s\u00e9gei&#8221; c\u00edm\u0171 projekt projekt ny\u00edlt nap. (szervez\u0151: A B\u00fckk-T\u00e9rs\u00e9gi LEADER Egyes\u00fclet)<\/span><br \/><a href=\"https:\/\/bukkleader.hu\/old\/downloads\/Program_lekvar_nyilt_nap.pdf\" target=\"_blank\">Program let\u00f6lt\u00e9se &gt;&gt;<\/a> <a href=\"https:\/\/bukkleader.hu\/old\/downloads\/Meghivo_Lekvar_Nyilt_nap.pdf\" target=\"_blank\">Megh\u00edv\u00f3 let\u00f6lt\u00e9se &gt;&gt;<\/a><\/p>\n<p class=\"style6\"><em>2014. okt\u00f3ber 02., B\u00fckkaranyos<\/em><span class=\"style212\"><br \/>&#8220;A gy\u00fcm\u00f6lcsfeldolgoz\u00e1s r\u00e9gi\u00f3nk\u00e9nti lehet\u0151s\u00e9gei&#8221; c\u00edm\u0171 projekt konferencia. (szervez\u0151: A B\u00fckk-T\u00e9rs\u00e9gi LEADER Egyes\u00fclet)<\/span><br \/><a href=\"https:\/\/bukkleader.hu\/old\/downloads\/Program_Lekvar_Konferencia.pdf\" target=\"_blank\">Program let\u00f6lt\u00e9se &gt;&gt;<\/a> <a href=\"https:\/\/bukkleader.hu\/old\/downloads\/Meghivo_Lekvar_Konferencia.pdf\" target=\"_blank\">Megh\u00edv\u00f3 let\u00f6lt\u00e9se &gt;&gt;<\/a><\/p>\n<p class=\"style6\"><em>2014. szeptember 27., Kisgy\u0151r<\/em><span class=\"style212\"><br \/>XXXI. Kisgy\u0151ri Sz\u00fcreti Nap <\/span><br \/><a href=\"https:\/\/bukkleader.hu\/old\/downloads\/meghivo_kisgyor_szureti_nap.pdf\" target=\"_blank\">Megh\u00edv\u00f3, program let\u00f6lt\u00e9se &gt;&gt;<\/a><\/p>\n<p class=\"style6\"><em>2014. szeptember 27., B\u0151cs<\/em><span class=\"style212\"><br \/>Mih\u00e1ly Napi V\u00e1s\u00e1r. (szervez\u0151: R\u00f3zsafa Hagyom\u00e1ny\u0151rz\u0151 Egyes\u00fclet)<\/span><br \/><a href=\"https:\/\/bukkleader.hu\/old\/downloads\/meghivo_rozsafa.pdf\" target=\"_blank\">Megh\u00edv\u00f3 let\u00f6lt\u00e9se &gt;&gt;<\/a><\/p>\n<p class=\"style6\"><em>2014. augusztus 16., Hars\u00e1ny<\/em><span class=\"style212\"><br \/>II. Hars\u00e1nyi Sz\u00fcrkemarha Fesztiv\u00e1l<\/span><br \/><a href=\"https:\/\/bukkleader.hu\/old\/downloads\/meghivo_szmarha_f.pdf\" target=\"_blank\">Megh\u00edv\u00f3, program let\u00f6lt\u00e9se &gt;&gt;<\/a><\/p>\n<p class=\"style6\"><em>2014. augusztus 16., Saj\u00f3kereszt\u00far<\/em><span class=\"style212\"><br \/>LEADER Falunap<\/span><br \/><a href=\"https:\/\/bukkleader.hu\/old\/downloads\/meghivo_sker_falunap.jpg\" target=\"_blank\">Megh\u00edv\u00f3, program let\u00f6lt\u00e9se &gt;&gt;<\/a><\/p>\n<p><span class=\"style6\"><em>2014. j\u00falius 28., B\u00fckkaranyos<\/em><span class=\"style212\"><br \/>&#8220;A gy\u00fcm\u00f6lcsfeldolgoz\u00e1s r\u00e9gi\u00f3nk\u00e9nti lehet\u0151s\u00e9gei&#8221; c\u00edm\u0171 projekt projektind\u00edt\u00f3 rendezv\u00e9nye. (szervez\u0151: A B\u00fckk-T\u00e9rs\u00e9gi LEADER Egyes\u00fclet)<\/span><br \/><a href=\"https:\/\/bukkleader.hu\/old\/downloads\/program_lekvar.docx\" target=\"_blank\">Program let\u00f6lt\u00e9se &gt;&gt;<\/a> <a href=\"https:\/\/bukkleader.hu\/old\/downloads\/meghivo_lekvar.docx\" target=\"_blank\">Megh\u00edv\u00f3 let\u00f6lt\u00e9se &gt;&gt;<\/a><\/span><\/p>\n<p class=\"style6\"><em>2014. j\u00falius 07-11., 14-18., 21-25., j\u00falius 28 &#8211; augusztus 01., Szabolcs<\/em><span class=\"style212\"><br \/>&#8220;Komplex term\u00e9szet- \u00e9s k\u00f6rnyezetv\u00e9delmi program megval\u00f3s\u00edt\u00e1sa t\u00e9rs\u00e9gek k\u00f6z\u00f6tti egy\u00fcttm\u0171k\u00f6d\u00e9s keret\u00e9ben&#8221; c. projekt keret\u00e9ben szervezett, n\u00e9gy modulb\u00f3l \u00e1ll\u00f3 oktat\u00e1s (szervez\u0151: Vid\u00e9k Kincse Egyes\u00fclet)<\/span><br \/><a href=\"https:\/\/bukkleader.hu\/old\/downloads\/felhivas_oktatas.pdf\" target=\"_blank\">Felh\u00edv\u00e1s let\u00f6lt\u00e9se &gt;&gt;<\/a> <a href=\"https:\/\/bukkleader.hu\/old\/downloads\/oktatasi_tematika.pdf\" target=\"_blank\">Oktat\u00e1si tematika let\u00f6lt\u00e9se &gt;&gt;<\/a><\/p>\n<p class=\"style6\"><em>2014. j\u00falius 05-13., T\u00f6bb helysz\u00edn<\/em><span class=\"style212\"><br \/>&#8220;Komplex term\u00e9szet- \u00e9s k\u00f6rnyezetv\u00e9delmi program megval\u00f3s\u00edt\u00e1sa t\u00e9rs\u00e9gek k\u00f6z\u00f6tti egy\u00fcttm\u0171k\u00f6d\u00e9s keret\u00e9ben&#8221; c. projekt keret\u00e9ben szervezett v\u00edzit\u00fara (szervez\u0151: Magyar-Ukr\u00e1n V\u00edzit\u00far\u00e1z\u00f3k \u00e9s Term\u00e9szetj\u00e1r\u00f3k Bar\u00e1ti Klubja Egyes\u00fclet)<\/span><br \/><a href=\"https:\/\/bukkleader.hu\/old\/downloads\/meghivo_vizitura.pdf\" target=\"_blank\">Megh\u00edv\u00f3 let\u00f6lt\u00e9se &gt;&gt;<\/a> <a href=\"https:\/\/bukkleader.hu\/old\/downloads\/vizitura_program.pdf\" target=\"_blank\">Program let\u00f6lt\u00e9se&gt;&gt;<\/a><\/p>\n<p class=\"style6\"><em>2014. j\u00falius 03-04., Szabolcs<\/em><span class=\"style212\"><br \/>&#8220;Komplex term\u00e9szet- \u00e9s k\u00f6rnyezetv\u00e9delmi program megval\u00f3s\u00edt\u00e1sa t\u00e9rs\u00e9gek k\u00f6z\u00f6tti egy\u00fcttm\u0171k\u00f6d\u00e9s keret\u00e9ben&#8221; c. projekt szakmai rendezv\u00e9nye (szervez\u0151: Magyar-Ukr\u00e1n V\u00edzit\u00far\u00e1z\u00f3k \u00e9s Term\u00e9szetj\u00e1r\u00f3k Bar\u00e1ti Klubja Egyes\u00fclet)<\/span><br \/><a href=\"https:\/\/bukkleader.hu\/old\/downloads\/meghivo_szabolcs.pdf\" target=\"_blank\">Megh\u00edv\u00f3 let\u00f6lt\u00e9se &gt;&gt;<\/a> <a href=\"https:\/\/bukkleader.hu\/old\/downloads\/program_szabolcs.pdf\" target=\"_blank\">Program let\u00f6lt\u00e9se&gt;&gt;<\/a><\/p>\n<p class=\"style6\"><em>2014. j\u00fanius 27., Alacska<\/em><span class=\"style212\"><br \/><strong>\u201eMeg\u00fajul\u00f3 energiaforr\u00e1sok intelligens hasznos\u00edt\u00e1sa&#8221; c\u00edm\u0171 projekt projektind\u00edt\u00f3 szakmai rendezv\u00e9nye<\/strong><\/span><br \/><a href=\"https:\/\/bukkleader.hu\/old\/downloads\/program_alacska.docx\" target=\"_blank\">Megh\u00edv\u00f3 let\u00f6lt\u00e9se &gt;&gt; Program let\u00f6lt\u00e9se&gt;&gt;<\/a><\/p>\n<p><span class=\"style6\"><em>2014. j\u00fanius 06-07-08., Vanyarc, Sarl\u00f3spuszta<\/em><br \/><strong class=\"style212\">Lovas turisztikai k\u00e9pz\u00e9s t\u00e9rs\u00e9gek k\u00f6z\u00f6tti egy\u00fcttm\u0171k\u00f6d\u00e9s keret\u00e9ben<\/strong><br \/><a href=\"https:\/\/bukkleader.hu\/old\/downloads\/lovas_kepzes.docx\" target=\"_blank\">Tov\u00e1bbi inform\u00e1ci\u00f3k &gt;&gt;<\/a><\/span><\/p>\n<p><span class=\"style6\"><em>2014. j\u00fanius 05., B\u00fckkaranyos<\/em><br \/><strong class=\"style212\">\u201eLovasturisztikai szolg\u00e1ltat\u00e1sok fejleszt\u00e9se a B\u00fckk-T\u00e9rs\u00e9gi LEADER Egyes\u00fclet illet\u00e9kess\u00e9gi ter\u00fclet\u00e9n\u201d c\u00edm\u0171 projekt projektind\u00edt\u00f3 szakmai rendezv\u00e9nye<\/strong><br \/><a href=\"https:\/\/bukkleader.hu\/old\/downloads\/meghivo_lovasx.pdf\" target=\"_blank\">Megh\u00edv\u00f3, program let\u00f6lt\u00e9se&gt;&gt;<\/a><\/span><\/p>\n<p class=\"style6\"><em>2014. \u00e1prilis 26., Arn\u00f3t<\/em><br \/><span class=\"style212\">I. Borsodi Lakodalmas Fesztiv\u00e1l<\/span><br \/><a href=\"https:\/\/bukkleader.hu\/old\/downloads\/meghivo_arnot.pdf\" target=\"_blank\">Megh\u00edv\u00f3, program let\u00f6lt\u00e9se&gt;&gt;<\/a><\/p>\n<p class=\"style6\"><em>2014. \u00e1prilis 12-13., Muhi<\/em><br \/><span class=\"style212\">Eml\u00e9k\u00fcnneps\u00e9g a Muhi Csata 773. \u00e9vfordul\u00f3ja alkalm\u00e1b\u00f3l<\/span><br \/><a href=\"https:\/\/bukkleader.hu\/old\/downloads\/muhi_773_program.pdf\" target=\"_blank\">Megh\u00edv\u00f3, program let\u00f6lt\u00e9se&gt;&gt;<\/a><\/p>\n<p class=\"style6\"><em>2014. febru\u00e1r 15., B\u00fckkaranyos<\/em><br \/><span class=\"style212\">II. B\u00fckkaranyosi T\u00e9l\u0171z\u0151 Fesztiv\u00e1l<\/span><br \/><a href=\"http:\/\/www.bukkaranyos.hu\/images\/hirdetes.png\" target=\"_blank\">Megh\u00edv\u00f3, program let\u00f6lt\u00e9se&gt;&gt;<\/a><\/p>\n<p class=\"style6\"><em>2013. okt\u00f3ber 12-13., B\u00fckkszentkereszt<\/em><br \/><span class=\"style212\">B\u00fckkszentkereszti Gombanapok &#8211; 2013.<\/span><br \/><a href=\"http:\/\/www.programturizmus.hu\/tdestination-gombafesztival-bukkszentkereszt.html\" target=\"_blank\">Program let\u00f6lt\u00e9se&gt;&gt;<\/a><\/p>\n<p class=\"style6\"><em>2013. augusztus 10., Hern\u00e1dn\u00e9meti<\/em><br \/><span class=\"style212\">Hern\u00e1dn\u00e9meti Borsodi V\u00e1gta \u00e9s Belegr\u00e1di Lovas Vet\u00e9lked\u0151<\/span><br \/><a href=\"http:\/\/www.borsodivagta.hu\/kronologia\/\" target=\"_blank\">Megh\u00edv\u00f3, program let\u00f6lt\u00e9se&gt;&gt;<\/a><\/p>\n<p class=\"style6\"><em>2013. \u00e1prilis 13-14., Muhi<\/em><br \/><span class=\"style212\">Muhi Csata 772. \u00e9vfordul\u00f3ja alkalm\u00e1b\u00f3l tartand\u00f3 Eml\u00e9k\u00fcnneps\u00e9g<\/span><br \/><a href=\"https:\/\/bukkleader.hu\/old\/downloads\/muhi_meghivo.pdf\" target=\"_blank\">Megh\u00edv\u00f3, program let\u00f6lt\u00e9se&gt;&gt;<\/a><\/p>\n<p class=\"style6\"><em>2012. szeptember 22., Hars\u00e1ny<\/em><br \/><span class=\"style212\">Hars\u00e1nyi H\u00e1rs Fesztiv\u00e1l \u2013 2012.<\/span><br \/><a href=\"https:\/\/bukkleader.hu\/old\/downloads\/harsanyi_hars_09_22.pdf\" target=\"_blank\">Megh\u00edv\u00f3, program let\u00f6lt\u00e9se&gt;&gt;<\/a><\/p>\n<p class=\"style6\"><em>2012. szeptember 08., Szomolya<\/em><br \/><span class=\"style212\">Szomolyai Sz\u0151l\u00e9szeti \u00e9s Bor\u00e1szati Marketing nap<\/span><br \/><a href=\"https:\/\/bukkleader.hu\/old\/downloads\/szoleszeti_nap.pdf\" target=\"_blank\">Megh\u00edv\u00f3, program let\u00f6lt\u00e9se &gt;&gt;<\/a><\/p>\n<p class=\"style6\"><span class=\"style6\"><em>2012. augusztus 24., Saj\u00f3kereszt\u00far:<\/em><\/span><br \/><strong class=\"style212\">\u201eB\u00dcKK-MAK LEADER Helyi Term\u00e9k Fesztiv\u00e1l\u201d<\/strong><br \/><a href=\"https:\/\/bukkleader.hu\/old\/downloads\/rendezvenyek\/2012_08_24_sajokeresztur_helyi_termek.pdf\" target=\"_blank\">Megh\u00edv\u00f3, program let\u00f6lt\u00e9se &gt;&gt;<\/a><\/p>\n<p><span class=\"style6\"><em>2012. augusztus 24., Saj\u00f3kereszt\u00far:<\/em><br \/><strong class=\"style212\">Kereszt\u00far Nev\u0171 Telep\u00fcl\u00e9sek XIII. Nemzetk\u00f6zi Tal\u00e1lkoz\u00f3ja<\/strong><br \/><a href=\"https:\/\/bukkleader.hu\/old\/downloads\/keresztur.pdf\" target=\"_blank\">Megh\u00edv\u00f3, program let\u00f6lt\u00e9se &gt;&gt;<\/a><\/span><\/p>\n<p class=\"style6\"><em>2012. augusztus 18., Tard:<\/em><br \/><strong class=\"style212\">Falunap 2012<\/strong><br \/><a href=\"https:\/\/bukkleader.hu\/old\/downloads\/rendezvenyek\/2012_08_18_tard.pdf\" target=\"_blank\">Megh\u00edv\u00f3, program let\u00f6lt\u00e9se &gt;&gt;<\/a><\/p>\n<p class=\"style6\"><em>2012. augusztus 11., Cser\u00e9pfalu:<\/em><br \/><strong class=\"style212\">Szab\u00f3 G\u00e1bor eml\u00e9k f\u0151z\u0151verseny, Fincsi-nap 2012.<\/strong><br \/><a href=\"https:\/\/bukkleader.hu\/old\/downloads\/rendezvenyek\/2012_08_11_cserepfalu.pdf\" target=\"_blank\">Megh\u00edv\u00f3, program let\u00f6lt\u00e9se &gt;&gt;<\/a><\/p>\n<p class=\"style6\"><em>2012. j\u00fanius 22-23., Tibolddar\u00f3c:<\/em><br \/><strong class=\"style212\">\u201eV\u00edg Dar\u00f3ci\u201d Pinc\u00e9k IX. F\u0151z\u0151fesztiv\u00e1lja<\/strong><br \/><a href=\"https:\/\/bukkleader.hu\/old\/downloads\/rendezvenyek\/2012_06_22_23_tibolddaroc.pdf\" target=\"_blank\">Megh\u00edv\u00f3, program let\u00f6lt\u00e9se &gt;&gt;<\/a><\/p>\n<p class=\"style6\"><em>2012. j\u00fanius 23., B\u00fckkaranyos:<\/em><br \/><strong class=\"style212\">Falunap 2012.<\/strong><br \/><a href=\"https:\/\/bukkleader.hu\/old\/downloads\/rendezvenyek\/2012_06_23_bukkaranyos_2.pdf\" target=\"_blank\">Megh\u00edv\u00f3, program let\u00f6lt\u00e9se &gt;&gt; Megh\u00edv\u00f3, program let\u00f6lt\u00e9se 2. &gt;&gt;<\/a><\/p>\n<p class=\"style6\"><em>2012. j\u00fanius 21-24., Bog\u00e1cs:<\/em><br \/><strong class=\"style212\">XX. B\u00fckkaljai Borfesztiv\u00e1l \u00e9s Nemzetk\u00f6zi Borverseny<\/strong><br \/><a href=\"https:\/\/bukkleader.hu\/old\/downloads\/rendezvenyek\/2012_06_21_24_bogacs.docx\" target=\"_blank\">Megh\u00edv\u00f3, program let\u00f6lt\u00e9se &gt;&gt;<\/a><\/p>\n<p class=\"style6\"><em>2012. j\u00fanius 8-9., M\u00e1lyi:<\/em><br \/><strong class=\"style212\">II. M\u00e1lyi Tavi Kavalk\u00e1d<\/strong><\/p>\n<p class=\"style6\"><em>2012. m\u00e1jus 25-26., Parasznya:<\/em><br \/><strong class=\"style212\">\u201e\u00c9p Testben Vir\u00e1gzik a L\u00e9lek\u201d<\/strong><br \/><a href=\"https:\/\/bukkleader.hu\/old\/downloads\/rendezvenyek\/2012_05_25_26_parasznya.pdf\" target=\"_blank\">Megh\u00edv\u00f3, program let\u00f6lt\u00e9se &gt;&gt;<\/a><\/p>\n<p class=\"style6\"><em>2012. \u00e1prilis 21., Muhi:<\/em><br \/><strong class=\"style212\">Muhi Csata Eml\u00e9k\u00fcnneps\u00e9g a Muhi Csata 771. \u00e9vfordul\u00f3ja alkalm\u00e1b\u00f3l<\/strong><\/p>\n<p class=\"style6\"><em>2012. m\u00e1rcius 31., Parasznya:<\/em><br \/><strong class=\"style212\">\u201eF\u00f6lsz\u00e1ntom a Parasznyai F\u0151utc\u00e1t, vetek bele piros p\u00fcnk\u00f6sdi r\u00f3zs\u00e1t\u201d \u2013 t\u00e9lb\u00facs\u00faztat\u00f3, falusz\u00e9p\u00edt\u0151 program<\/strong><br \/><a href=\"https:\/\/bukkleader.hu\/old\/downloads\/rendezvenyek\/2012_03_31_parasznya.pdf\" target=\"_blank\">Megh\u00edv\u00f3, program let\u00f6lt\u00e9se &gt;&gt;<\/a><\/p>\n<p class=\"style6\"><em>2011. december 17., Parasznya:<\/em><br \/><strong class=\"style212\">\u201eLegyen eg\u00e9sz \u00e9vben ilyen a vil\u00e1g\u201d \u2013 Kar\u00e1csonyv\u00e1r\u00f3 program<\/strong><br \/><a href=\"https:\/\/bukkleader.hu\/old\/downloads\/rendezvenyek\/2011_12_17_parasznya.jpg\" target=\"_blank\">Megh\u00edv\u00f3, program let\u00f6lt\u00e9se &gt;&gt;<\/a><\/p>\n<p class=\"style6\"><em>2011. november 11-12., Parasznya:<\/em><br \/><strong class=\"style212\">M\u00e1rton-Napi Vigadalom<\/strong><br \/><a href=\"https:\/\/bukkleader.hu\/old\/downloads\/rendezvenyek\/2011_11_11_12_parasznya.jpg\" target=\"_blank\">Megh\u00edv\u00f3, program let\u00f6lt\u00e9se &gt;&gt;<\/a><\/p>\n<p class=\"style6\"><em>2011. okt\u00f3ber 1., Parasznya:<\/em><br \/><strong class=\"style212\">4. T\u00e1ncos l\u00e1bak, szorgos kezek, \u00edzes \u00e9tkek fesztiv\u00e1l<\/strong><br \/><a href=\"https:\/\/bukkleader.hu\/old\/downloads\/rendezvenyek\/2011_10_01_parasznya.jpg\" target=\"_blank\">Megh\u00edv\u00f3, program let\u00f6lt\u00e9se &gt;&gt;<\/a><\/p>\n<p class=\"style6\"><em>2011. szeptember 23-25., Kisgy\u0151r:<\/em><br \/><strong class=\"style212\">XXVIII. Kisgy\u0151ri Sz\u00fcreti Nap \u00e9s K\u00e9zm\u0171ves Bemutat\u00f3<\/strong><br \/><a href=\"https:\/\/bukkleader.hu\/old\/downloads\/rendezvenyek\/2011_09_23_25_kisgyor.pdf\" target=\"_blank\">Megh\u00edv\u00f3, program let\u00f6lt\u00e9se &gt;&gt;<\/a><\/p>\n<p class=\"style6\"><em>2011. szeptember 10., Em\u0151d:<\/em><br \/><strong class=\"style212\">III. Sz\u00fcreti fesztiv\u00e1l<\/strong><br \/><a href=\"https:\/\/bukkleader.hu\/old\/downloads\/rendezvenyek\/2011_09_10_emod.pdf\" target=\"_blank\">Megh\u00edv\u00f3, program let\u00f6lt\u00e9se &gt;&gt;<\/a><\/p>\n<p class=\"style6\"><em>2011. augusztus 27., Hars\u00e1ny:<\/em><br \/><strong class=\"style212\">B\u00fckkaljai Sz\u00fcret rendezv\u00e9nysorozat<\/strong><\/p>\n<p class=\"style6\"><em>2011. augusztus 19-21., Kistokaj:<\/em><br \/><strong class=\"style212\">Kistokaji Falunapok<\/strong><br \/><a href=\"https:\/\/bukkleader.hu\/old\/downloads\/rendezvenyek\/2011_08_19_21_kistokaj.pdf\" target=\"_blank\">Megh\u00edv\u00f3, program let\u00f6lt\u00e9se &gt;&gt;<\/a><\/p>\n<p class=\"style6\"><em>2011. augusztus 13-14., Bog\u00e1cs:<\/em><br \/><strong class=\"style212\">&#8220;Bog\u00e1csi Ny\u00e1ri Fesztiv\u00e1l&#8221; &#8211; &#8220;Sportnapok&#8221;<\/strong><\/p>\n<p class=\"style6\"><em>2011. j\u00falius 22-24., B\u00fckkaranyos:<\/em><br \/><strong class=\"style212\">IV. Poeltenberg Ern\u0151 Eml\u00e9knap<\/strong><br \/><a href=\"https:\/\/bukkleader.hu\/old\/downloads\/rendezvenyek\/2011_06_22_24_bukkaranyos.jpg\" target=\"_blank\">Megh\u00edv\u00f3, program let\u00f6lt\u00e9se &gt;&gt;<\/a><\/p>\n<p class=\"style6\"><em>2011. j\u00falius 9-10., Bog\u00e1cs:<\/em><br \/><strong class=\"style212\">&#8220;Bog\u00e1csi Ny\u00e1ri Fesztiv\u00e1l&#8221; &#8211; &#8220;Bog\u00e1csi Eg\u00e9szs\u00e9gnapok&#8221;<\/strong><\/p>\n<p class=\"style6\"><em>2011. j\u00falius 4-10., Hern\u00e1dn\u00e9meti:<\/em><br \/><strong class=\"style212\">M\u0171v\u00e9szt\u00e1bor rendez\u00e9se Hern\u00e1dn\u00e9metiben<\/strong><\/p>\n<p class=\"style6\"><em>2011. j\u00fanius 24-26., Arn\u00f3t:<\/em><br \/><strong class=\"style212\">Arn\u00f3ti Falunap<\/strong><br \/><a href=\"https:\/\/bukkleader.hu\/old\/downloads\/rendezvenyek\/2011_06_24_26_arnot.pdf\" target=\"_blank\">Megh\u00edv\u00f3, program let\u00f6lt\u00e9se &gt;&gt;<\/a><\/p>\n<p class=\"style6\"><em>2011. j\u00fanius 24-26., Ny\u00e9kl\u00e1dh\u00e1za:<\/em><br \/><strong class=\"style212\">Ny\u00e9kl\u00e1dh\u00e1zi T\u00f3nap \u00e9s V\u00e1rosnapja<\/strong><br \/><a href=\"https:\/\/bukkleader.hu\/old\/downloads\/rendezvenyek\/2011_06_24_26_nyekladhaza.doc\" target=\"_blank\">Megh\u00edv\u00f3, program let\u00f6lt\u00e9se &gt;&gt;<\/a><\/p>\n<p class=\"style6\"><em>2011. j\u00fanius 4., j\u00falius 2-3., B\u00fckkszentkereszt:<\/em><br \/><strong class=\"style212\">B\u00fckkszentkereszti napok<\/strong><\/p>\n<p class=\"style6\"><em>2011. m\u00e1jus 6-14., Als\u00f3zsolca:<\/em><br \/><strong class=\"style212\">Fiatalok maj\u00e1lisa<\/strong><br \/><a href=\"https:\/\/bukkleader.hu\/old\/downloads\/rendezvenyek\/2011_05_06_14_alsozsolca.doc\" target=\"_blank\">Megh\u00edv\u00f3, program let\u00f6lt\u00e9se &gt;&gt;<\/a><\/p>\n<p class=\"style6\"><em>2011. \u00e1prilis 16-17., Fels\u0151t\u00e1rk\u00e1ny:<\/em><br \/><strong class=\"style212\">Fels\u0151t\u00e1rk\u00e1nyi Gasztron\u00f3miai Fesztiv\u00e1l<\/strong><br \/><a href=\"https:\/\/bukkleader.hu\/old\/downloads\/rendezvenyek\/2011_04_16_17_felsotarkany.doc\" target=\"_blank\">Megh\u00edv\u00f3, program let\u00f6lt\u00e9se &gt;&gt;<\/a><\/p>\n<p class=\"style6\"><em>2011. \u00e1prilis 15-16., Muhi:<\/em><br \/><strong class=\"style212\">A Muhi Csata 770. \u00e9vfordul\u00f3ja alkalm\u00e1b\u00f3l tartand\u00f3 Muhi Eml\u00e9k\u00fcnneps\u00e9g<\/strong><br \/><a href=\"https:\/\/bukkleader.hu\/old\/downloads\/rendezvenyek\/2011_04_15_16_muhi.pdf\" target=\"_blank\">Megh\u00edv\u00f3, program let\u00f6lt\u00e9se &gt;&gt;<\/a><\/p>\n<p class=\"style6\"><em>2011. \u00e1prilis 12-17., Szomolya:<\/em><br \/><strong class=\"style212\">Szomolya-Dalheim LEADER nemzetk\u00f6zi egy\u00fcttm\u0171k\u00f6d\u00e9s<\/strong><\/p>\n<p class=\"style6\"><em>2011. \u00e1prilis 11-15., Hars\u00e1ny:<\/em><br \/><strong class=\"style212\">\u201eA biomassza \u00fatja\u201d<\/strong><br \/><a href=\"https:\/\/bukkleader.hu\/old\/downloads\/rendezvenyek\/2011_04_11_15_harsany.pdf\" target=\"_blank\">Megh\u00edv\u00f3, program let\u00f6lt\u00e9se &gt;&gt;<\/a><\/p>\n<p class=\"style6\"><em>2011. febru\u00e1r 4-5., Fels\u0151t\u00e1rk\u00e1ny:<\/em><br \/><strong class=\"style212\">Fels\u0151t\u00e1rk\u00e1nyi Gasztron\u00f3miai Fesztiv\u00e1l<\/strong><br \/><a href=\"https:\/\/bukkleader.hu\/old\/downloads\/rendezvenyek\/2011_02_04_05_felsotarkany.doc\" target=\"_blank\">Megh\u00edv\u00f3, program let\u00f6lt\u00e9se &gt;&gt;<\/a><\/p>\n<div class=\"sharedaddy sd-sharing-enabled\"><div class=\"robots-nocontent sd-block sd-social sd-social-icon sd-sharing\"><h3 class=\"sd-title\">Share this:<\/h3><div class=\"sd-content\"><ul><li class=\"share-facebook\"><a rel=\"nofollow noopener noreferrer\" data-shared=\"sharing-facebook-466\" class=\"share-facebook sd-button share-icon no-text\" href=\"https:\/\/bukkleader.hu\/old\/esemeny\/2015-04-18-2011-02-04-kozotti-archiv-esemenyek\/?share=facebook\" target=\"_blank\" title=\"Click to share on Facebook\"><span><\/span><span class=\"sharing-screen-reader-text\">Click to share on Facebook (Opens in new window)<\/span><\/a><\/li><li class=\"share-twitter\"><a rel=\"nofollow noopener noreferrer\" data-shared=\"sharing-twitter-466\" class=\"share-twitter sd-button share-icon no-text\" href=\"https:\/\/bukkleader.hu\/old\/esemeny\/2015-04-18-2011-02-04-kozotti-archiv-esemenyek\/?share=twitter\" target=\"_blank\" title=\"Click to share on Twitter\"><span><\/span><span class=\"sharing-screen-reader-text\">Click to share on Twitter (Opens in new window)<\/span><\/a><\/li><li class=\"share-print\"><a rel=\"nofollow noopener noreferrer\" data-shared=\"\" class=\"share-print sd-button share-icon no-text\" href=\"https:\/\/bukkleader.hu\/old\/esemeny\/2015-04-18-2011-02-04-kozotti-archiv-esemenyek\/\" target=\"_blank\" title=\"Click to print\"><span><\/span><span class=\"sharing-screen-reader-text\">Click to print (Opens in new window)<\/span><\/a><\/li><li class=\"share-email\"><a rel=\"nofollow noopener noreferrer\" data-shared=\"\" class=\"share-email sd-button share-icon no-text\" href=\"https:\/\/bukkleader.hu\/old\/esemeny\/2015-04-18-2011-02-04-kozotti-archiv-esemenyek\/?share=email\" target=\"_blank\" title=\"Click to email this to a friend\"><span><\/span><span class=\"sharing-screen-reader-text\">Click to email this to a friend (Opens in new window)<\/span><\/a><\/li><li class=\"share-end\"><\/li><\/ul><\/div><\/div><\/div>","protected":false},"excerpt":{"rendered":"<p>2015. \u00e1prilis 16-18., B\u00fckkaranyos \u00e9s t\u00f6bb helysz\u00edn&#8220;\u00d6komobilit\u00e1s megalapoz\u00e1sa a R\u00e1bak\u00f6zben&#8221; c. projekt keret\u00e9ben megval\u00f3sul\u00f3 3 napos tanulm\u00e1ny\u00fat (szervez\u0151: B\u00fckk-T\u00e9rs\u00e9gi LEADER Egyes\u00fclet)Megh\u00edv\u00f3 let\u00f6lt\u00e9se &gt;&gt; Program let\u00f6lt\u00e9se &gt;&gt; 2015. m\u00e1rcius 11-28., B\u00fckkaranyos&#8220;A gy\u00fcm\u00f6lcsfeldolgoz\u00e1s r\u00e9gi\u00f3nk\u00e9nti lehet\u0151s\u00e9gei&#8221; c. projekt keret\u00e9ben szervezett, h\u00e9t modulb\u00f3l \u00e1ll\u00f3 oktat\u00e1s (szervez\u0151: B\u00fckk-T\u00e9rs\u00e9gi LEADER Egyes\u00fclet)Megh\u00edv\u00f3 let\u00f6lt\u00e9se &gt;&gt; Oktat\u00e1si tematika let\u00f6lt\u00e9se &gt;&gt; 2015. febru\u00e1r 20-21-22., B\u00fckkaranyosLovas [&hellip;]<\/p>\n<div class=\"sharedaddy sd-sharing-enabled\"><div class=\"robots-nocontent sd-block sd-social sd-social-icon sd-sharing\"><h3 class=\"sd-title\">Share this:<\/h3><div class=\"sd-content\"><ul><li class=\"share-facebook\"><a rel=\"nofollow noopener noreferrer\" data-shared=\"sharing-facebook-466\" class=\"share-facebook sd-button share-icon no-text\" href=\"https:\/\/bukkleader.hu\/old\/esemeny\/2015-04-18-2011-02-04-kozotti-archiv-esemenyek\/?share=facebook\" target=\"_blank\" title=\"Click to share on Facebook\"><span><\/span><span class=\"sharing-screen-reader-text\">Click to share on Facebook (Opens in new window)<\/span><\/a><\/li><li class=\"share-twitter\"><a rel=\"nofollow noopener noreferrer\" data-shared=\"sharing-twitter-466\" class=\"share-twitter sd-button share-icon no-text\" href=\"https:\/\/bukkleader.hu\/old\/esemeny\/2015-04-18-2011-02-04-kozotti-archiv-esemenyek\/?share=twitter\" target=\"_blank\" title=\"Click to share on Twitter\"><span><\/span><span class=\"sharing-screen-reader-text\">Click to share on Twitter (Opens in new window)<\/span><\/a><\/li><li class=\"share-print\"><a rel=\"nofollow noopener noreferrer\" data-shared=\"\" class=\"share-print sd-button share-icon no-text\" href=\"https:\/\/bukkleader.hu\/old\/esemeny\/2015-04-18-2011-02-04-kozotti-archiv-esemenyek\/\" target=\"_blank\" title=\"Click to print\"><span><\/span><span class=\"sharing-screen-reader-text\">Click to print (Opens in new window)<\/span><\/a><\/li><li class=\"share-email\"><a rel=\"nofollow noopener noreferrer\" data-shared=\"\" class=\"share-email sd-button share-icon no-text\" href=\"https:\/\/bukkleader.hu\/old\/esemeny\/2015-04-18-2011-02-04-kozotti-archiv-esemenyek\/?share=email\" target=\"_blank\" title=\"Click to email this to a friend\"><span><\/span><span class=\"sharing-screen-reader-text\">Click to email this to a friend (Opens in new window)<\/span><\/a><\/li><li class=\"share-end\"><\/li><\/ul><\/div><\/div><\/div>","protected":false},"author":1,"featured_media":0,"comment_status":"open","ping_status":"closed","template":"","meta":{"_bbp_topic_count":0,"_bbp_reply_count":0,"_bbp_total_topic_count":0,"_bbp_total_reply_count":0,"_bbp_voice_count":0,"_bbp_anonymous_reply_count":0,"_bbp_topic_count_hidden":0,"_bbp_reply_count_hidden":0,"_bbp_forum_subforum_count":0,"spay_email":""},"tags":[],"tribe_events_cat":[8],"jetpack_sharing_enabled":true,"_links":{"self":[{"href":"https:\/\/bukkleader.hu\/old\/wp-json\/wp\/v2\/tribe_events\/466"}],"collection":[{"href":"https:\/\/bukkleader.hu\/old\/wp-json\/wp\/v2\/tribe_events"}],"about":[{"href":"https:\/\/bukkleader.hu\/old\/wp-json\/wp\/v2\/types\/tribe_events"}],"author":[{"embeddable":true,"href":"https:\/\/bukkleader.hu\/old\/wp-json\/wp\/v2\/users\/1"}],"replies":[{"embeddable":true,"href":"https:\/\/bukkleader.hu\/old\/wp-json\/wp\/v2\/comments?post=466"}],"version-history":[{"count":0,"href":"https:\/\/bukkleader.hu\/old\/wp-json\/wp\/v2\/tribe_events\/466\/revisions"}],"wp:attachment":[{"href":"https:\/\/bukkleader.hu\/old\/wp-json\/wp\/v2\/media?parent=466"}],"wp:term":[{"taxonomy":"post_tag","embeddable":true,"href":"https:\/\/bukkleader.hu\/old\/wp-json\/wp\/v2\/tags?post=466"},{"taxonomy":"tribe_events_cat","embeddable":true,"href":"https:\/\/bukkleader.hu\/old\/wp-json\/wp\/v2\/tribe_events_cat?post=466"}],"curies":[{"name":"wp","href":"https:\/\/api.w.org\/{rel}","templated":true}]}}