{"id":907,"date":"2016-05-23T10:18:55","date_gmt":"2016-05-23T08:18:55","guid":{"rendered":"https:\/\/bukkleader.hu\/old\/?page_id=907"},"modified":"2019-02-25T14:56:04","modified_gmt":"2019-02-25T13:56:04","slug":"tagfelvetel","status":"publish","type":"page","link":"https:\/\/bukkleader.hu\/old\/tagfelvetel\/","title":{"rendered":"Tagfelv\u00e9tel"},"content":{"rendered":"<p style=\"text-align: justify;\">A B\u00fckk-T\u00e9rs\u00e9gi LEADER Egyes\u00fclet tagja lehet minden olyan term\u00e9szetes \u00e9s jogi szem\u00e9ly, vagy jogi szem\u00e9lyis\u00e9ggel nem rendelkez\u0151 gazdas\u00e1gi t\u00e1rsas\u00e1g, aki egyet\u00e9rt az Egyes\u00fclet c\u00e9ljaival, elfogadja az alapszab\u00e1lyt, rendszeresen fizeti a tagd\u00edjat \u00e9s felv\u00e9tel\u00e9hez a K\u00f6zgy\u0171l\u00e9s egyszer\u0171 sz\u00f3t\u00f6bbs\u00e9ggel hozott hat\u00e1rozat\u00e1val hozz\u00e1j\u00e1rul. A felv\u00e9teli elj\u00e1r\u00e1s a tagjel\u00f6lt bel\u00e9p\u00e9si nyilatkozat\u00e1nak az Eln\u00f6ks\u00e9ghez val\u00f3 eljuttat\u00e1s\u00e1val kezd\u0151dik, amelyhez csatolni sz\u00fcks\u00e9ges az Egyes\u00fclet legal\u00e1bb k\u00e9t tagj\u00e1nak \u00edr\u00e1sos aj\u00e1nl\u00e1s\u00e1t. A tagfelv\u00e9tel korl\u00e1toz\u00e1smentes.<\/p>\n<p style=\"text-align: center;\"><a href=\"https:\/\/bukkleader.hu\/old\/wp-content\/uploads\/2019\/02\/BTLE_Alapszab\u00e1ly-2019.01.24.pdf\">BTLE hat\u00e1lyos alapszab\u00e1ly\u00a0<\/a>\u00a0<a class=\"btn\" href=\"https:\/\/bukkleader.hu\/old\/wp-content\/uploads\/2016\/05\/nyomtatvany_tagfelvetelhez.pdf\" target=\"_blank\" rel=\"noopener noreferrer\">Nyomtatv\u00e1ny tagfelv\u00e9telhez<\/a><\/p>\n<div class=\"sharedaddy sd-sharing-enabled\"><div class=\"robots-nocontent sd-block sd-social sd-social-icon sd-sharing\"><h3 class=\"sd-title\">Share this:<\/h3><div class=\"sd-content\"><ul><li class=\"share-facebook\"><a rel=\"nofollow noopener noreferrer\" data-shared=\"sharing-facebook-907\" class=\"share-facebook sd-button share-icon no-text\" href=\"https:\/\/bukkleader.hu\/old\/tagfelvetel\/?share=facebook\" target=\"_blank\" title=\"Click to share on Facebook\"><span><\/span><span class=\"sharing-screen-reader-text\">Click to share on Facebook (Opens in new window)<\/span><\/a><\/li><li class=\"share-twitter\"><a rel=\"nofollow noopener noreferrer\" data-shared=\"sharing-twitter-907\" class=\"share-twitter sd-button share-icon no-text\" href=\"https:\/\/bukkleader.hu\/old\/tagfelvetel\/?share=twitter\" target=\"_blank\" title=\"Click to share on Twitter\"><span><\/span><span class=\"sharing-screen-reader-text\">Click to share on Twitter (Opens in new window)<\/span><\/a><\/li><li class=\"share-print\"><a rel=\"nofollow noopener noreferrer\" data-shared=\"\" class=\"share-print sd-button share-icon no-text\" href=\"https:\/\/bukkleader.hu\/old\/tagfelvetel\/\" target=\"_blank\" title=\"Click to print\"><span><\/span><span class=\"sharing-screen-reader-text\">Click to print (Opens in new window)<\/span><\/a><\/li><li class=\"share-email\"><a rel=\"nofollow noopener noreferrer\" data-shared=\"\" class=\"share-email sd-button share-icon no-text\" href=\"https:\/\/bukkleader.hu\/old\/tagfelvetel\/?share=email\" target=\"_blank\" title=\"Click to email this to a friend\"><span><\/span><span class=\"sharing-screen-reader-text\">Click to email this to a friend (Opens in new window)<\/span><\/a><\/li><li class=\"share-end\"><\/li><\/ul><\/div><\/div><\/div>","protected":false},"excerpt":{"rendered":"<p>A B\u00fckk-T\u00e9rs\u00e9gi LEADER Egyes\u00fclet tagja lehet minden olyan term\u00e9szetes \u00e9s jogi szem\u00e9ly, vagy jogi szem\u00e9lyis\u00e9ggel nem rendelkez\u0151 gazdas\u00e1gi t\u00e1rsas\u00e1g, aki egyet\u00e9rt az Egyes\u00fclet c\u00e9ljaival, elfogadja az alapszab\u00e1lyt, rendszeresen fizeti a tagd\u00edjat \u00e9s felv\u00e9tel\u00e9hez a K\u00f6zgy\u0171l\u00e9s egyszer\u0171 sz\u00f3t\u00f6bbs\u00e9ggel hozott hat\u00e1rozat\u00e1val hozz\u00e1j\u00e1rul. A felv\u00e9teli elj\u00e1r\u00e1s a tagjel\u00f6lt bel\u00e9p\u00e9si nyilatkozat\u00e1nak az Eln\u00f6ks\u00e9ghez val\u00f3 eljuttat\u00e1s\u00e1val kezd\u0151dik, amelyhez csatolni sz\u00fcks\u00e9ges [&hellip;]<\/p>\n<div class=\"sharedaddy sd-sharing-enabled\"><div class=\"robots-nocontent sd-block sd-social sd-social-icon sd-sharing\"><h3 class=\"sd-title\">Share this:<\/h3><div class=\"sd-content\"><ul><li class=\"share-facebook\"><a rel=\"nofollow noopener noreferrer\" data-shared=\"sharing-facebook-907\" class=\"share-facebook sd-button share-icon no-text\" href=\"https:\/\/bukkleader.hu\/old\/tagfelvetel\/?share=facebook\" target=\"_blank\" title=\"Click to share on Facebook\"><span><\/span><span class=\"sharing-screen-reader-text\">Click to share on Facebook (Opens in new window)<\/span><\/a><\/li><li class=\"share-twitter\"><a rel=\"nofollow noopener noreferrer\" data-shared=\"sharing-twitter-907\" class=\"share-twitter sd-button share-icon no-text\" href=\"https:\/\/bukkleader.hu\/old\/tagfelvetel\/?share=twitter\" target=\"_blank\" title=\"Click to share on Twitter\"><span><\/span><span class=\"sharing-screen-reader-text\">Click to share on Twitter (Opens in new window)<\/span><\/a><\/li><li class=\"share-print\"><a rel=\"nofollow noopener noreferrer\" data-shared=\"\" class=\"share-print sd-button share-icon no-text\" href=\"https:\/\/bukkleader.hu\/old\/tagfelvetel\/\" target=\"_blank\" title=\"Click to print\"><span><\/span><span class=\"sharing-screen-reader-text\">Click to print (Opens in new window)<\/span><\/a><\/li><li class=\"share-email\"><a rel=\"nofollow noopener noreferrer\" data-shared=\"\" class=\"share-email sd-button share-icon no-text\" href=\"https:\/\/bukkleader.hu\/old\/tagfelvetel\/?share=email\" target=\"_blank\" title=\"Click to email this to a friend\"><span><\/span><span class=\"sharing-screen-reader-text\">Click to email this to a friend (Opens in new window)<\/span><\/a><\/li><li class=\"share-end\"><\/li><\/ul><\/div><\/div><\/div>","protected":false},"author":1,"featured_media":0,"parent":0,"menu_order":0,"comment_status":"closed","ping_status":"closed","template":"","meta":{"_bbp_topic_count":0,"_bbp_reply_count":0,"_bbp_total_topic_count":0,"_bbp_total_reply_count":0,"_bbp_voice_count":0,"_bbp_anonymous_reply_count":0,"_bbp_topic_count_hidden":0,"_bbp_reply_count_hidden":0,"_bbp_forum_subforum_count":0,"spay_email":""},"jetpack_sharing_enabled":true,"jetpack-related-posts":[{"id":2,"url":"https:\/\/bukkleader.hu\/old\/kapcsolat\/","url_meta":{"origin":907,"position":0},"title":"Kapcsolat","date":"2015-08-16","format":false,"excerpt":"Kapcsolat felv\u00e9tel, \u00edrjon nek\u00fcnkEl\u00e9rhet\u0151s\u00e9geinkHACS n\u00e9v: B\u00fckk-T\u00e9rs\u00e9gi LEADER Egyes\u00fcletPostac\u00edm\/\u00fcgyf\u00e9lszolg\u00e1lati iroda c\u00edme: 3554 B\u00fckkaranyos, Nagy-ferenczi tanyaTel.: 46\/576-280Fax: 46\/576-281E-mail:\u00a0hacs@bukkleader.huNyitvatart\u00e1s, \u00fcgyf\u00e9lfogad\u00e1s (telefonon, el\u0151re egyeztetett id\u0151pontban):H\u00e9tf\u0151: 8:00 - 16:00Kedd: 8:00 - 16:00Szerda: 8:00 - 18:00Cs\u00fct\u00f6rt\u00f6k: 8:00 - 16:00P\u00e9ntek: 8:00 - 16:00Megk\u00f6zel\u00edthet\u0151s\u00e9g:","rel":"","context":"Similar post","img":{"alt_text":"","src":"","width":0,"height":0},"classes":[]},{"id":62,"url":"https:\/\/bukkleader.hu\/old\/tagjaink\/","url_meta":{"origin":907,"position":1},"title":"Tagjaink","date":"2015-08-29","format":false,"excerpt":"1. Alacska K\u00f6zs\u00e9g \u00d6nkorm\u00e1nyzata 2. Als\u00f3zsolca V\u00e1ros \u00d6nkorm\u00e1nyzata 3. Arn\u00f3t K\u00f6zs\u00e9g \u00d6nkorm\u00e1nyzata 4. Bog\u00e1cs K\u00f6zs\u00e9g \u00d6nkorm\u00e1nyzata 5. Borsodgeszt K\u00f6zs\u00e9g \u00d6nkorm\u00e1nyzata 6. B\u0151cs K\u00f6zs\u00e9g \u00d6nkorm\u00e1nyzata 7. B\u00fckk\u00e1br\u00e1ny K\u00f6zs\u00e9g \u00d6nkorm\u00e1nyzata 8. B\u00fckkaranyos K\u00f6zs\u00e9gi \u00d6nkorm\u00e1nyzata 9. B\u00fckkszentkereszt K\u00f6zs\u00e9g \u00d6nkorm\u00e1nyzata 10. B\u00fckkzs\u00e9rc K\u00f6zs\u00e9g \u00d6nkorm\u00e1nyzata 11. Cser\u00e9pfalu K\u00f6zs\u00e9g \u00d6nkorm\u00e1nyzata 12. Cser\u00e9pv\u00e1ralja K\u00f6zs\u00e9g \u00d6nkorm\u00e1nyzata 13. D\u00e9destapolcs\u00e1ny\u2026","rel":"","context":"Similar post","img":{"alt_text":"","src":"","width":0,"height":0},"classes":[]},{"id":835,"url":"https:\/\/bukkleader.hu\/old\/strategiank-2014-2020\/","url_meta":{"origin":907,"position":2},"title":"Strat\u00e9gi\u00e1nk 2014-2020","date":"2015-10-23","format":false,"excerpt":"\u00a0 K\u00f6zz\u00e9t\u00e9tel d\u00e1tuma: 2017. 05. 30. A Minisztereln\u00f6ks\u00e9g Agr\u00e1r-vid\u00e9kfejleszt\u00e9s\u00e9rt Felel\u0151s \u00c1llamtitk\u00e1rs\u00e1g\u00e1nak Ir\u00e1ny\u00edt\u00f3 Hat\u00f3s\u00e1ga \u00e9s a B\u00fckk-T\u00e9rs\u00e9gi LEADER Egyes\u00fclet Egy\u00fcttm\u0171k\u00f6d\u00e9si Meg\u00e1llapod\u00e1sa a Helyi Fejleszt\u00e9si Strat\u00e9gia megval\u00f3s\u00edt\u00e1s\u00e1ra \u00e9s a HACS m\u0171k\u00f6d\u00e9si \u00e9s anim\u00e1ci\u00f3s k\u00f6lts\u00e9geinek t\u00e1mogat\u00e1s\u00e1ra. Itt olvashat\u00f3 >> \u00a0 K\u00f6zz\u00e9t\u00e9tel d\u00e1tuma: 2017. 05. 30. A B\u00fckk-T\u00e9rs\u00e9gi LEADER Egyes\u00fclet K\u00f6zgy\u0171l\u00e9se 2017. 05. 29.-\u00e9n\u2026","rel":"","context":"Similar post","img":{"alt_text":"eu-strukturalis-alap700x238-w","src":"https:\/\/i0.wp.com\/bukkleader.hu\/old\/wp-content\/uploads\/2015\/10\/eu-strukturalis-alap700x238-w.jpg?resize=350%2C200&ssl=1","width":350,"height":200},"classes":[]},{"id":24,"url":"https:\/\/bukkleader.hu\/old\/rolunk\/","url_meta":{"origin":907,"position":3},"title":"R\u00f3lunk","date":"2015-08-28","format":false,"excerpt":"A nagy sikereket el\u00e9rt, k\u00f6zel 3 milli\u00e1rd Ft EMVA t\u00e1mogat\u00e1st kip\u00e1ly\u00e1ztat\u00f3 B\u00dcKK-MAK LEADER vid\u00e9kfejleszt\u00e9si k\u00f6z\u00f6ss\u00e9g (www.bukkmakleader.hu) a 2012-2015. id\u0151szakban a B\u00fckk-Miskolc t\u00e9rs\u00e9gr\u0151l p\u00e1ly\u00e1zhat\u00f3 vid\u00e9kfejleszt\u00e9si forr\u00e1sok megszerz\u00e9se \u00e9rdek\u00e9ben, a Vid\u00e9kfejleszt\u00e9si Miniszt\u00e9rium (VM) k\u00f6telez\u0151 el\u0151\u00edr\u00e1s\u00e1nak (54\/2011. VM rendelet) megfelel\u0151en \u2013 miszerint \u201e2012. \u00e1prilis 30-\u00e1t k\u00f6vet\u0151en LEADER HACS c\u00edmmel kiz\u00e1r\u00f3lag egyes\u00fclet rendelkezhet, illetve\u2026","rel":"","context":"Similar post","img":{"alt_text":"","src":"https:\/\/i1.wp.com\/bukkleader.hu\/old\/wp-content\/uploads\/2015\/08\/image003.jpg?resize=350%2C200&ssl=1","width":350,"height":200},"classes":[]},{"id":1454,"url":"https:\/\/bukkleader.hu\/old\/leader-felhivasok\/kotelezo-tajekoztatas-es-nyilvanossag-biztositasa\/","url_meta":{"origin":907,"position":4},"title":"K\u00f6telez\u0151 t\u00e1j\u00e9koztat\u00e1s \u00e9s nyilv\u00e1noss\u00e1g biztos\u00edt\u00e1sa","date":"2017-12-16","format":false,"excerpt":"Vid\u00e9kfejleszt\u00e9si Program Kedvezm\u00e9nyezettek t\u00e1j\u00e9koztat\u00e1si k\u00f6telezetts\u00e9gei 2014-2020. 2.1. A dokumentum olvas\u00e1sa, let\u00f6lt\u00e9se itt>> A B\u00fckk-T\u00e9rs\u00e9gi LEADER Egyes\u00fclet log\u00f3ja let\u00f6lthet\u0151 itt>>","rel":"","context":"Similar post","img":{"alt_text":"btle_logo","src":"https:\/\/i0.wp.com\/bukkleader.hu\/old\/wp-content\/uploads\/2017\/12\/btle_logo.jpg?resize=350%2C200&ssl=1","width":350,"height":200},"classes":[]},{"id":2565,"url":"https:\/\/bukkleader.hu\/old\/nyertes-palyazoink-2014-2020\/","url_meta":{"origin":907,"position":5},"title":"Nyertes p\u00e1ly\u00e1z\u00f3ink 2014-2020","date":"2020-04-24","format":false,"excerpt":"\u00d6sszes\u00edt\u00e9s a B\u00fckk-T\u00e9rs\u00e9gi LEADER Egyes\u00fclet ter\u00fclet\u00e9n a 2014-2020-as id\u0151szakban t\u00e1mogatott projektekr\u0151l (2020.10.07-i \u00e1llapot) T\u00e1mogat\u00e1st ig\u00e9nyl\u0151 Meg\u00edt\u00e9lt t\u00e1mogat\u00e1s (Ft) Megval\u00f3s\u00edt\u00e1s helye LEADER TUDOMKA PONTOK KIALAK\u00cdT\u00c1SA VP6-19.2.1.-15-1-17 Hagyom\u00e1nyteremt\u0151 M\u0171v\u00e9szeti \u00e9s Oktat\u00e1si Nonprofit Kft. 2 501 580 Saj\u00f3l\u00e1d \"Bar\u00e1tainkkal az \u00faton\" Alap\u00edtv\u00e1ny 2 882 904 Borsodgeszt \"Csak term\u00e9szetesen\" Nonprofit Kft. 2 999 994\u2026","rel":"","context":"Similar post","img":{"alt_text":"","src":"","width":0,"height":0},"classes":[]}],"_links":{"self":[{"href":"https:\/\/bukkleader.hu\/old\/wp-json\/wp\/v2\/pages\/907"}],"collection":[{"href":"https:\/\/bukkleader.hu\/old\/wp-json\/wp\/v2\/pages"}],"about":[{"href":"https:\/\/bukkleader.hu\/old\/wp-json\/wp\/v2\/types\/page"}],"author":[{"embeddable":true,"href":"https:\/\/bukkleader.hu\/old\/wp-json\/wp\/v2\/users\/1"}],"replies":[{"embeddable":true,"href":"https:\/\/bukkleader.hu\/old\/wp-json\/wp\/v2\/comments?post=907"}],"version-history":[{"count":6,"href":"https:\/\/bukkleader.hu\/old\/wp-json\/wp\/v2\/pages\/907\/revisions"}],"predecessor-version":[{"id":1971,"href":"https:\/\/bukkleader.hu\/old\/wp-json\/wp\/v2\/pages\/907\/revisions\/1971"}],"wp:attachment":[{"href":"https:\/\/bukkleader.hu\/old\/wp-json\/wp\/v2\/media?parent=907"}],"curies":[{"name":"wp","href":"https:\/\/api.w.org\/{rel}","templated":true}]}}