{"id":835,"date":"2015-10-23T10:27:01","date_gmt":"2015-10-23T08:27:01","guid":{"rendered":"https:\/\/bukkleader.hu\/old\/?page_id=835"},"modified":"2017-05-31T09:03:23","modified_gmt":"2017-05-31T07:03:23","slug":"strategiank-2014-2020","status":"publish","type":"page","link":"https:\/\/bukkleader.hu\/old\/strategiank-2014-2020\/","title":{"rendered":"Strat\u00e9gi\u00e1nk 2014-2020"},"content":{"rendered":"<p><img data-attachment-id=\"847\" data-permalink=\"https:\/\/bukkleader.hu\/old\/strategiank-2014-2020\/eu-strukturalis-alap700x238-w\/\" data-orig-file=\"https:\/\/bukkleader.hu\/old\/wp-content\/uploads\/2015\/10\/eu-strukturalis-alap700x238-w.jpg\" data-orig-size=\"700,238\" data-comments-opened=\"1\" data-image-meta=\"{&quot;aperture&quot;:&quot;0&quot;,&quot;credit&quot;:&quot;&quot;,&quot;camera&quot;:&quot;&quot;,&quot;caption&quot;:&quot;&quot;,&quot;created_timestamp&quot;:&quot;0&quot;,&quot;copyright&quot;:&quot;&quot;,&quot;focal_length&quot;:&quot;0&quot;,&quot;iso&quot;:&quot;0&quot;,&quot;shutter_speed&quot;:&quot;0&quot;,&quot;title&quot;:&quot;&quot;,&quot;orientation&quot;:&quot;0&quot;}\" data-image-title=\"\" data-image-description=\"\" data-image-caption=\"\" data-medium-file=\"https:\/\/bukkleader.hu\/old\/wp-content\/uploads\/2015\/10\/eu-strukturalis-alap700x238-w-300x102.jpg\" data-large-file=\"https:\/\/bukkleader.hu\/old\/wp-content\/uploads\/2015\/10\/eu-strukturalis-alap700x238-w.jpg\" loading=\"lazy\" class=\" wp-image-847 aligncenter\" src=\"https:\/\/bukkleader.hu\/old\/wp-content\/uploads\/2015\/10\/eu-strukturalis-alap700x238-w.jpg\" alt=\"eu-strukturalis-alap700x238-w\" width=\"603\" height=\"205\" srcset=\"https:\/\/bukkleader.hu\/old\/wp-content\/uploads\/2015\/10\/eu-strukturalis-alap700x238-w.jpg 700w, https:\/\/bukkleader.hu\/old\/wp-content\/uploads\/2015\/10\/eu-strukturalis-alap700x238-w-300x102.jpg 300w\" sizes=\"(max-width: 603px) 100vw, 603px\" \/><\/p>\n<p>&nbsp;<\/p>\n<p><em>K\u00f6zz\u00e9t\u00e9tel d\u00e1tuma: 2017. 05. 30.<\/em><\/p>\n<p style=\"text-align: justify;\"><strong>A Minisztereln\u00f6ks\u00e9g Agr\u00e1r-vid\u00e9kfejleszt\u00e9s\u00e9rt Felel\u0151s \u00c1llamtitk\u00e1rs\u00e1g\u00e1nak Ir\u00e1ny\u00edt\u00f3 Hat\u00f3s\u00e1ga \u00e9s a B\u00fckk-T\u00e9rs\u00e9gi LEADER Egyes\u00fclet Egy\u00fcttm\u0171k\u00f6d\u00e9si Meg\u00e1llapod\u00e1sa a Helyi Fejleszt\u00e9si Strat\u00e9gia megval\u00f3s\u00edt\u00e1s\u00e1ra \u00e9s a HACS m\u0171k\u00f6d\u00e9si \u00e9s anim\u00e1ci\u00f3s k\u00f6lts\u00e9geinek t\u00e1mogat\u00e1s\u00e1ra.<\/strong><\/p>\n<p><a href=\"https:\/\/bukkleader.hu\/old\/wp-content\/uploads\/2017\/05\/Egyuttmukodesi_szines-ilovepdf-compressed.pdf\" target=\"_blank\" rel=\"noopener noreferrer\">Itt olvashat\u00f3 &gt;&gt;<\/a><\/p>\n<p>&nbsp;<\/p>\n<p><em>K\u00f6zz\u00e9t\u00e9tel d\u00e1tuma: 2017. 05. 30.<\/em><\/p>\n<p style=\"text-align: justify;\"><strong>A B\u00fckk-T\u00e9rs\u00e9gi LEADER Egyes\u00fclet K\u00f6zgy\u0171l\u00e9se 2017. 05. 29.-\u00e9n elfogadta a Helyi Fejleszt\u00e9si Strat\u00e9gia 1. sz\u00e1m\u00fa m\u00f3dos\u00edt\u00e1s\u00e1t.<\/strong><\/p>\n<p style=\"text-align: justify;\"><a href=\"https:\/\/bukkleader.hu\/old\/wp-content\/uploads\/2017\/05\/BTLE_HFS_1_modositas.pdf\" target=\"_blank\" rel=\"noopener noreferrer\">Itt olvashat\u00f3 &gt;&gt;<\/a><\/p>\n<p>&nbsp;<\/p>\n<p><em>K\u00f6zz\u00e9t\u00e9tel d\u00e1tuma: 2016.08. 02.<\/em><\/p>\n<p style=\"text-align: justify;\"><strong>A Helyi Akci\u00f3csoportok Ir\u00e1ny\u00edt\u00f3 Hat\u00f3s\u00e1ga j\u00f3v\u00e1hagyta a B\u00fckk-T\u00e9rs\u00e9gi LEADER Egyes\u00fclet Helyi Fejleszt\u00e9si Strat\u00e9gi\u00e1j\u00e1t, valamint v\u00e9glegesen elismerte LEADER HACS-k\u00e9nt.<br \/>\n <\/strong><a href=\"https:\/\/bukkleader.hu\/old\/wp-content\/uploads\/2016\/08\/Bukk_Tersegi_elismer\u00e9s_20160725.pdf\" target=\"_blank\" rel=\"noopener noreferrer\">Megtekinthet\u0151 itt &gt;&gt;<\/a><\/p>\n<p style=\"text-align: justify;\">\u00a0<\/p>\n<p style=\"text-align: justify;\"><em>K\u00f6zz\u00e9t\u00e9tel d\u00e1tuma: 2016. 06. 10. <\/em><\/p>\n<p style=\"text-align: justify;\"><b>A B\u00fckk-T\u00e9rs\u00e9gi LEADER Egyes\u00fclet K\u00f6zgy\u0171l\u00e9se 2016.06.31-\u00e9n elfogadta a Helyi Fejleszt\u00e9si Strat\u00e9gi\u00e1t. <\/b>Megtekinthet\u0151 itt<b> &gt;&gt;\u00a0<a href=\"https:\/\/bukkleader.hu\/old\/wp-content\/uploads\/2015\/10\/BTLE_HFS.pdf\">BTLE_HFS<\/a><\/b><\/p>\n<p style=\"text-align: justify;\">\u00a0<\/p>\n<div style=\"text-align: justify;\">\u00a0<em>K\u00f6zz\u00e9t\u00e9tel d\u00e1tuma: 2016. 05. 16.<\/em><\/div>\n<div style=\"text-align: justify;\">\n<p><b>\u00d6sszefoglal\u00f3 a k\u00f6z\u00f6ss\u00e9gi esem\u00e9nyeken elhangzott javaslatokr\u00f3l \u00e9s azok alapj\u00e1n kidolgozott int\u00e9zked\u00e9sekr\u0151l. &gt;&gt;\u00a0<a href=\"https:\/\/bukkleader.hu\/old\/wp-content\/uploads\/2015\/10\/A-k\u00f6z\u00f6ss\u00e9gi-esem\u00e9nyek-\u00e9s-eredm\u00e9nyei.pdf\">A k\u00f6z\u00f6ss\u00e9gi esem\u00e9nyek \u00e9s eredm\u00e9nyei<\/a><\/b><\/p>\n<p>A kit\u00f6lt\u00f6tt k\u00e9rd\u0151\u00edvek megtekinthet\u0151ek itt, a &#8220;responses&#8221; f\u00fcl alatt &gt;&gt;\u00a0<a href=\"https:\/\/docs.google.com\/forms\/d\/1cS1mHo6uiqJpPpRzLsOQq3Lx4GDcMz_vaeDgfpyDLAE\/edit\" target=\"_blank\" rel=\"noopener noreferrer\">A kit\u00f6lt\u00f6tt K\u00e9rd\u0151\u00edvek<\/a>\u00a0<\/p>\n<\/div>\n<div style=\"text-align: justify;\">\u00a0<\/div>\n<div style=\"text-align: justify;\">\u00a0<\/div>\n<div style=\"text-align: justify;\"><em>K\u00f6zz\u00e9t\u00e9tel d\u00e1tuma: 2016. 03. 04.<\/em><\/div>\n<div style=\"text-align: justify;\">\u00a0<\/div>\n<div style=\"text-align: justify;\"><b>Elfogadta a K\u00f6zgy\u0171l\u00e9s a B\u00fckk-T\u00e9rs\u00e9gi LEADER Vid\u00e9kfejleszt\u00e9si K\u00f6z\u00f6ss\u00e9g Helyi Fejleszt\u00e9si Strat\u00e9gi\u00e1j\u00e1nak tervezet\u00e9t<\/p>\n<p> <\/b>A 2016. 03. 02.-i \u00fcl\u00e9sen elfogadta a K\u00f6zgy\u0171l\u00e9s a HFS tervezet\u00e9t. A tervezetet a munkaszervezet 2016. 03.04.-\u00e9n\u00a0 megk\u00fcldte az Ir\u00e1ny\u00edt\u00f3 Hat\u00f3s\u00e1gnak \u00e9rt\u00e9kel\u00e9sre.<\/p>\n<p> A HFS tervezett itt olvashat\u00f3 &gt; &gt;\u00a0<span style=\"text-decoration: underline;\"><a href=\"https:\/\/bukkleader.hu\/old\/wp-content\/uploads\/2015\/10\/BTLE_HFS_tervezet.pdf\">BTLE_HFS_tervezet<\/a><\/span><\/div>\n<div style=\"text-align: justify;\">\u00a0<\/div>\n<div style=\"text-align: justify;\">\u00a0<\/div>\n<div style=\"text-align: justify;\"><em>K\u00f6zz\u00e9t\u00e9tel d\u00e1tuma: 2016. 02. 23.<\/em><\/div>\n<div style=\"text-align: justify;\">\u00a0<\/div>\n<div style=\"text-align: justify;\"><b>A Tervez\u00e9st Koordin\u00e1l\u00f3 Csoport elk\u00e9sz\u00edtette az II. c\u00e9lkit\u0171z\u00e9s \u00f6sszes int\u00e9zked\u00e9s\u00e9t<\/b><\/div>\n<div style=\"text-align: justify;\">\n<div>\u00a0<\/div>\n<div>A HFS tervezet\u00e9nek cselekv\u00e9si terv r\u00e9sz\u00e9t k\u00e9pez\u0151 int\u00e9zked\u00e9sek m\u00e1sodik c\u00e9lkit\u0171z\u00e9s\u00e9hez &#8211; A B\u00fckk T\u00e9rs\u00e9gi Anyagok \u00e9s Energi\u00e1k Hasznos\u00edt\u00e1s\u00e1nak T\u00f6rt\u00e9nelme, Jelene \u00e9s J\u00f6v\u0151je &#8211; tartoz\u00f3 \u00f6sszes int\u00e9zked\u00e9s\u00e9t a TKCS elk\u00e9sz\u00edtette.<\/div>\n<div>Az int\u00e9zked\u00e9sek v\u00e9lem\u00e9nyez\u00e9s\u00e9t a <a href=\"mailto:hacs@bukkleader.hu\" target=\"_blank\" rel=\"noopener noreferrer\">hacs@bukkleader.hu<\/a> e-mail c\u00edmen tehetik meg!<\/div>\n<div>A m\u00e1sodik c\u00e9lkit\u0171z\u00e9shez tartoz\u00f3 \u00f6sszes int\u00e9zked\u00e9s itt megtekinthet\u0151.\u00a0\u21d2\u00a0\u21d2\u00a0<a href=\"https:\/\/bukkleader.hu\/old\/wp-content\/uploads\/2015\/10\/II_int\u00e9zked\u00e9sekx.pdf\">II_int\u00e9zked\u00e9sek<\/a><\/div>\n<\/div>\n<div style=\"text-align: justify;\">\u00a0<\/div>\n<div style=\"text-align: justify;\"><em>K\u00f6zz\u00e9t\u00e9tel d\u00e1tuma: 2016. 02. 12.<\/em><\/div>\n<div style=\"text-align: justify;\">\n<div>\u00a0<\/div>\n<div><b>A Tervez\u00e9st Koordin\u00e1l\u00f3 Csoport elk\u00e9sz\u00edtette az II. c\u00e9lkit\u0171z\u00e9s els\u0151 n\u00e9gy int\u00e9zked\u00e9s\u00e9t<\/b><\/div>\n<div>\u00a0A HFS tervezet\u00e9nek cselekv\u00e9si terv r\u00e9sz\u00e9t k\u00e9pez\u0151 int\u00e9zked\u00e9sek m\u00e1sodik c\u00e9lkit\u0171z\u00e9s\u00e9hez &#8211; A B\u00fckk T\u00e9rs\u00e9gi Anyagok \u00e9s Energi\u00e1k Hasznos\u00edt\u00e1s\u00e1nak T\u00f6rt\u00e9nelme, Jelene \u00e9s J\u00f6v\u0151je &#8211; tartoz\u00f3 els\u0151 n\u00e9gy int\u00e9zked\u00e9s\u00e9t elk\u00e9sz\u00edtette a TKCS. A m\u00e1sodik c\u00e9lkit\u0171z\u00e9shez a most megjelentetteken k\u00edv\u00fcl is tartoznak int\u00e9zked\u00e9sek melyek kidolgoz\u00e1s alatt vannak.<\/p>\n<div>Az int\u00e9zked\u00e9sek v\u00e9lem\u00e9nyez\u00e9s\u00e9t a <a href=\"mailto:hacs@bukkleader.hu\" target=\"_blank\" rel=\"noopener noreferrer\">hacs@bukkleader.hu<\/a> e-mail c\u00edmen tehetik meg!<\/div>\n<div>Az int\u00e9zked\u00e9sek itt megtekinthet\u0151k.\u00a0\u21d2\u00a0\u21d2\u00a0<a href=\"https:\/\/bukkleader.hu\/old\/wp-content\/uploads\/2015\/10\/II_1-4-int\u00e9zked\u00e9sx.pdf\">II_1-4 int\u00e9zked\u00e9s<\/a><\/div>\n<\/div>\n<\/div>\n<div style=\"text-align: justify;\">\u00a0<\/div>\n<div style=\"text-align: justify;\">\u00a0<\/div>\n<div style=\"text-align: justify;\"><em>\u00a0K\u00f6zz\u00e9t\u00e9tel d\u00e1tuma: 2016.02. 08.<\/em><\/div>\n<div style=\"text-align: justify;\">\u00a0<\/div>\n<div style=\"text-align: justify;\"><b>A Tervez\u00e9st Koordin\u00e1l\u00f3 Csoport elk\u00e9sz\u00edtette az I. c\u00e9lkit\u0171z\u00e9s int\u00e9zked\u00e9seit<\/b><\/div>\n<div style=\"text-align: justify;\">\n<div id=\":my\" class=\"ii gt m1531cb81e92b5c9a adP adO\">\n<div id=\":mu\" class=\"a3s\">\n<div>\n<div>\u00a0<\/div>\n<div>A HFS tervezet\u00e9nek cselekv\u00e9si terv r\u00e9sz\u00e9t k\u00e9pez\u0151 int\u00e9zked\u00e9sek els\u0151 c\u00e9lkit\u0171z\u00e9s\u00e9hez &#8211; \u201eLEADER TUDOMKA\u201d B\u00fckk T\u00e9rs\u00e9gi Ismereteket Terjeszt\u0151 \u00e9s \u00c9rt\u00e9kes\u00edt\u0151 H\u00e1l\u00f3zat Ki\u00e9p\u00edt\u00e9se &#8211; tartoz\u00f3 int\u00e9zked\u00e9seket elk\u00e9sz\u00edtette a TKCS.<\/div>\n<div>Az int\u00e9zked\u00e9sek v\u00e9lem\u00e9nyez\u00e9s\u00e9t a <a href=\"mailto:hacs@bukkleader.hu\" target=\"_blank\" rel=\"noopener noreferrer\">hacs@bukkleader.hu<\/a> e-mail c\u00edmen tehetik meg!<\/div>\n<div>Az int\u00e9zked\u00e9sek itt megtekinthet\u0151k.\u00a0\u21d2\u00a0\u21d2\u00a0<a href=\"https:\/\/bukkleader.hu\/old\/wp-content\/uploads\/2015\/10\/Int\u00e9zked\u00e9sek.pdf\">Int\u00e9zked\u00e9sek<\/a><\/div>\n<div class=\"yj6qo\">\u00a0<\/div>\n<\/div>\n<\/div>\n<\/div>\n<div id=\":ut\" class=\"hq gt a10\">\u00a0<\/div>\n<\/div>\n<div style=\"text-align: justify;\"><em>K\u00f6zz\u00e9t\u00e9tel d\u00e1tuma: 2016. 01.29.<\/em><\/div>\n<div style=\"text-align: justify;\">\u00a0<\/div>\n<div style=\"text-align: justify;\"><b>F\u00f3rumot tartottunk a BAZ Megyei Ter\u00fclet- \u00e9s Telep\u00fcl\u00e9sfejleszt\u00e9si Operat\u00edv Program \u00e9s a BTLE HFS \u00f6sszef\u00fcgg\u00e9seir\u0151l<\/b><\/div>\n<div style=\"text-align: justify;\">2016.01.21.-\u00e9n B\u0151cs\u00f6n rendezt\u00fck meg a BAZ Megyei TOP \u00e9s a BTLE HFS kapcsol\u00f3d\u00e1si pontjainak kijel\u00f6l\u00e9s\u00e9t c\u00e9lz\u00f3 f\u00f3rumot. Megh\u00edvott el\u0151ad\u00f3 T\u00f6r\u00f6k Dezs\u0151, a BAZ Megyei K\u00f6zgy\u0171l\u00e9s eln\u00f6ke volt. Kapcsol\u00f3d\u00e1si pontokat tal\u00e1ltunk a ker\u00e9kp\u00e1ros k\u00f6zleked\u00e9s fejleszt\u00e9se, a meg\u00fajul\u00f3 alap\u00fa er\u0151m\u0171vek telep\u00edt\u00e9se, t\u00e1rsadalmi egy\u00fcttm\u0171k\u00f6d\u00e9sek el\u0151seg\u00edt\u00e9se, barnamez\u0151s ter\u00fcletek rehabilit\u00e1ci\u00f3ja int\u00e9zked\u00e9sekkel.<\/div>\n<div style=\"text-align: justify;\">\u00a0<\/div>\n<div style=\"text-align: justify;\">\u00a0<\/div>\n<div style=\"text-align: justify;\"><em>K\u00f6zz\u00e9t\u00e9tel ideje: 2016. 01. 15.<\/em><\/div>\n<div style=\"text-align: justify;\">\u00a0<\/div>\n<div style=\"text-align: justify;\">\n<div><em><b>\u00d6sszefoglal\u00f3 a decemberi faluf\u00f3rumokr\u00f3l<\/b><\/em><\/div>\n<div>A TKCS tagjai 2015. december h\u00f3napban 9 faluf\u00f3rumot tartottak, melyen \u00f6sszesen 100 f\u0151 vett r\u00e9szt. A f\u00f3rumokon elhangzott javaslatokr\u00f3l k\u00e9sz\u00fclt \u00f6sszefoglal\u00f3<strong> itt olvashat\u00f3!<\/strong> \u21d2\u00a0\u21d2\u00a0<a href=\"https:\/\/bukkleader.hu\/old\/wp-content\/uploads\/2015\/10\/\u00d6sszefoglal\u00f3-december.pdf\">\u00d6sszefoglal\u00f3 december<\/a><\/div>\n<\/div>\n<div style=\"text-align: justify;\">\u00a0<\/div>\n<div style=\"text-align: justify;\"><em>\u00a0<\/em><\/div>\n<div style=\"text-align: justify;\">\u00a0<\/div>\n<div style=\"text-align: justify;\"><em>K\u00f6zz\u00e9t\u00e9tel ideje: 2015. 12. 14.<\/em><\/div>\n<div style=\"text-align: justify;\">\u00a0<\/div>\n<div style=\"text-align: justify;\">\n<div><em><b>\u00d6sszefoglal\u00f3 a novemberi faluf\u00f3rumokr\u00f3l<\/b><\/em><\/div>\n<div>A TKCS tagjai 2015. november h\u00f3napban 23 faluf\u00f3rumot tartottak, melyen \u00f6sszesen 320 f\u0151 vett r\u00e9szt. A f\u00f3rumokon elhangzott javaslatokr\u00f3l k\u00e9sz\u00fclt \u00f6sszefoglal\u00f3<strong> itt olvashat\u00f3!<\/strong>\u00a0 \u00a0\u21d2\u00a0\u21d2\u00a0<a href=\"https:\/\/bukkleader.hu\/old\/wp-content\/uploads\/2015\/10\/\u00d6sszefoglal\u00f3-november.pdf\">\u00d6sszefoglal\u00f3 november<\/a><\/div>\n<\/div>\n<div style=\"text-align: justify;\">\u00a0<\/div>\n<div style=\"text-align: justify;\">\u00a0<\/div>\n<div style=\"text-align: justify;\"><em>K\u00f6zz\u00e9t\u00e9tel ideje: : 2015. 11. 20.<\/em><\/div>\n<div style=\"text-align: justify;\">\u00a0<\/div>\n<div style=\"text-align: justify;\">\n<div><em><b>HFS tervez\u0151 f\u00f3rumot tartottunk \u00f6nkorm\u00e1nyzatok sz\u00e1m\u00e1ra.<\/b><\/em><\/div>\n<div>2015.11.18.-\u00e1n \u00f6nkorm\u00e1nyzati vezet\u0151k sz\u00e1m\u00e1ra tartottunk f\u00f3rumot B\u00fckkaranyoson. Megjelent 19 f\u0151. A rendezv\u00e9ny c\u00e9lja volt a telep\u00fcl\u00e9svezet\u0151k t\u00e1j\u00e9koztat\u00e1sa az Operat\u00edv Programok k\u00edn\u00e1lta lehet\u0151s\u00e9gekr\u0151l, a Vid\u00e9kfejleszt\u00e9si Programr\u00f3l \u00e9s a HFS tervez\u00e9s\u00e9r\u0151l. A polg\u00e1rmesterek fontosnak tartott\u00e1k, hogy olyan fejleszt\u00e9sek val\u00f3suljanak meg, amelyek a k\u00f6telez\u0151 fenntart\u00e1si id\u0151 ut\u00e1n is rent\u00e1bilis \u00e9s a telep\u00fcl\u00e9s haszn\u00e1ra v\u00e1lik. A telep\u00fcl\u00e9seken megval\u00f3sult elektromos t\u00f6lt\u0151\u00e1llom\u00e1sok kihaszn\u00e1l\u00e1s\u00e1ra, v\u00e9lem\u00e9ny\u00fck szerint, meg kell tal\u00e1lni a lehet\u0151s\u00e9get elektromos j\u00e1rm\u0171vek beszerz\u00e9s\u00e9re. A megl\u00e9v\u0151 energiaudvarok hasznos\u00edt\u00e1sa olyan form\u00e1ban is elk\u00e9pzelhet\u0151, hogy telep\u00fcl\u00e9s\u00fczemeltet\u00e9si feladatok ell\u00e1t\u00e1s\u00e1t szolg\u00e1l\u00f3 eszk\u00f6z\u00f6ket lehetne \u00fczemeltetni a naper\u0151m\u0171vekr\u0151l (pld. elektromos f\u0171ny\u00edr\u00f3 stb). Fontosnak tartj\u00e1k a polg\u00e1rmesterek a sz\u00e9lesk\u00f6r\u0171 ismeret\u00e1tad\u00e1s a megjelel\u0151 p\u00e1ly\u00e1zati d\u00f6mping miatt \u00e9s sz\u00e1mukra l\u00e9nyeges feladat a telep\u00fcl\u00e9sen m\u0171k\u00f6d\u0151 v\u00e1llalkoz\u00e1sok \u00e9s civil szervezetek elhelyez\u00e9se a p\u00e1ly\u00e1zati rendszerekben.<\/div>\n<div>\u00a0<\/div>\n<\/div>\n<div style=\"text-align: justify;\">\u00a0<\/div>\n<div style=\"text-align: justify;\">\u00a0<\/div>\n<div style=\"text-align: justify;\"><em>K\u00f6zz\u00e9t\u00e9tel ideje:<\/em> 2015. 11. 20.<\/div>\n<div style=\"text-align: justify;\">\u00a0<\/div>\n<div style=\"text-align: justify;\"><em><b>HFS tervez\u0151 f\u00f3rumot tartottunk egyh\u00e1zszervezetek sz\u00e1m\u00e1ra.<\/b><\/em><\/div>\n<div style=\"text-align: justify;\">\n<div>\u00a02015.11.17.-\u00e9n egyh\u00e1zszervezetek sz\u00e1m\u00e1ra tartottunk B\u00fckkaranyoson f\u00f3rumot. 12 f\u0151 jelent meg az egyh\u00e1zszervezetek k\u00e9pviselet\u00e9ben. A f\u00f3rumon ismertett\u00fck az egyh\u00e1zszervezetek t\u00e1mogat\u00e1si lehet\u0151s\u00e9geit az EU \u00e9s a hazai forr\u00e1sokb\u00f3l \u00e9s a HFS tervez\u00e9s\u00e9nek folyamat\u00e1t \u00e9s jelenlegi tartalm\u00e1t. A k\u00e9pvisel\u0151k javasolt\u00e1k a h\u00e1tr\u00e1nyos helyzet\u0171 csoportok szoci\u00e1lis ell\u00e1t\u00e1s\u00e1ra szolg\u00e1l\u00f3 k\u00f6z\u00f6ss\u00e9gi terek \u00e9p\u00edt\u00e9s\u00e9t, fel\u00faj\u00edt\u00e1s\u00e1t t\u00e1mogat\u00f3 int\u00e9zked\u00e9t (Saj\u00f3petri G\u00f6r\u00f6g Katolikus Egyh\u00e1zk\u00f6zs\u00e9g, Szirmabeseny\u0151i R\u00f3mai Katolikus Egyh\u00e1zk\u00f6zs\u00e9g). Javaslat \u00e9rkezett ravataloz\u00f3k rendbehozatal\u00e1ra, fel\u00faj\u00edt\u00e1s\u00e1ra, infrastrukt\u00far\u00e1j\u00e1nak fejleszt\u00e9s\u00e9re (Hars\u00e1nyi \u00e9s B\u00fckkaranyosi Reform\u00e1tus Egyh\u00e1zk\u00f6zs\u00e9gek, Hern\u00e1dkak). Javasolt\u00e1k a megl\u00e9v\u0151 elektromos t\u00f6lt\u0151\u00e1llom\u00e1sok hasznos\u00edt\u00e1s\u00e1t az elektromos k\u00f6zleked\u00e9sben.<\/div>\n<div>\u00a0<\/div>\n<\/div>\n<div style=\"text-align: justify;\">\u00a0<\/div>\n<div style=\"text-align: justify;\"><em>K\u00f6zz\u00e9t\u00e9tel ideje: 2015. 11. 12.<\/em><\/div>\n<div style=\"text-align: justify;\">\u00a0<\/div>\n<div style=\"text-align: justify;\">\n<div><em><b>\u00d6sszefoglal\u00f3 az okt\u00f3beri faluf\u00f3rumokr\u00f3l<\/b><\/em><\/div>\n<div>A TKCS tagjai 2015. okt\u00f3ber h\u00f3napban n\u00e9gy faluf\u00f3rumot tartottak, melyen \u00f6sszesen 74 f\u0151 vett r\u00e9szt. A f\u00f3rumokon elhangzott javaslatokr\u00f3l k\u00e9sz\u00fclt \u00f6sszefoglal\u00f3 <strong>itt olvashat\u00f3!<\/strong>\u00a0 \u00a0\u00a0\u21d2\u00a0\u21d2\u00a0<a href=\"https:\/\/bukkleader.hu\/old\/wp-content\/uploads\/2015\/10\/\u00d6sszefoglal\u00f3-okt\u00f3ber.pdf\">\u00d6sszefoglal\u00f3 okt\u00f3ber<\/a><\/div>\n<\/div>\n<div style=\"text-align: justify;\">\u00a0<\/div>\n<div style=\"text-align: justify;\">\u00a0<\/div>\n<div style=\"text-align: justify;\"><em>K\u00f6zz\u00e9t\u00e9tel ideje:: 2015. 11. 09.<\/em><\/div>\n<div style=\"text-align: justify;\">\u00a0<\/div>\n<div style=\"text-align: justify;\"><em><b>A B\u00fckk-T\u00e9rs\u00e9gi LEADER Egyes\u00fclet K\u00f6zgy\u0171l\u00e9se elfogadta a HFS tervez\u00e9s m\u00f3dszertan\u00e1t \u00e9s a HFS f\u0151 c\u00e9lkit\u0171z\u00e9seit.<\/b><\/em><\/div>\n<div style=\"text-align: justify;\">2015. 11. 05.-\u00e9n a B\u00fckk-T\u00e9rs\u00e9gi LEADER Egyes\u00fclet K\u00f6zgy\u0171l\u00e9se elfogadta a TKCS \u00e9s az Eln\u00f6ks\u00e9g \u00e1ltal javasolt HFS tervez\u00e9si m\u00f3dszertant \u00e9s a tervez\u00e9st elind\u00edt\u00f3 h\u00e1rom f\u0151 c\u00e9lkit\u0171z\u00e9st.<\/p>\n<ol>\n<li><b>C\u00e9lkit\u0171z\u00e9s:\u00a0\u00a0\u00a0\u00a0\u00a0 \u201eTUDOMKA TUD\u00c1S\u00c1TAD\u00c1SI H\u00c1L\u00d3ZAT KI\u00c9P\u00cdT\u00c9SE\u201d<\/b><\/li>\n<li><b>C\u00e9lkit\u0171z\u00e9s:\u00a0\u00a0\u00a0\u00a0\u00a0 \u201eANYAG-, \u00c9S ENERGIA TERMEL\u00c9SI, KERESKEDELMI EGY\u00dcTTM\u0170K\u00d6D\u00c9SEK&#8221;<\/b><\/li>\n<li><b>C\u00e9lkit\u0171z\u00e9s:\u00a0\u00a0\u00a0\u00a0\u00a0 \u201eK\u00d6Z\u00d6SS\u00c9GI ESEM\u00c9NYEK \u00c9S CSARNOKTEREINEK H\u00c1L\u00d3ZATA\u201d \u00a0 \u00a0 \u00a0 <\/b><b>\u00a0 \u00a0 \u00a0 \u00a0 \u00a0 \u00a0 \u00a0 \u00a0 \u00a0 \u00a0 \u00a0 \u00a0 \u00a0 \u00a0 \u00a0 \u00a0 \u00a0 \u00a0 \u00a0 \u00a0 \u00a0 \u00a0 \u00a0 \u00a0 \u00a0 \u00a0 \u00a0 \u00a0 \u00a0 \u00a0 \u00a0 \u00a0 \u00a0 \u00a0\u00a0<\/b><a href=\"https:\/\/bukkleader.hu\/old\/wp-content\/uploads\/2016\/02\/K\u00f6zgy\u0171l\u00e9s-2015.11.05..jpg\" rel=\"attachment wp-att-854\"><img data-attachment-id=\"854\" data-permalink=\"https:\/\/bukkleader.hu\/old\/?attachment_id=854\" data-orig-file=\"https:\/\/bukkleader.hu\/old\/wp-content\/uploads\/2016\/02\/K\u00f6zgy\u0171l\u00e9s-2015.11.05..jpg\" data-orig-size=\"400,300\" data-comments-opened=\"1\" data-image-meta=\"{&quot;aperture&quot;:&quot;3.2&quot;,&quot;credit&quot;:&quot;&quot;,&quot;camera&quot;:&quot;WB150 \\\/ WB150F \\\/ WB152 \\\/ WB152F \\\/ WB151 \\\/ WB151F \\\/ WB140&quot;,&quot;caption&quot;:&quot;&quot;,&quot;created_timestamp&quot;:&quot;1446740594&quot;,&quot;copyright&quot;:&quot;COPYRIGHT, 2010&quot;,&quot;focal_length&quot;:&quot;4&quot;,&quot;iso&quot;:&quot;320&quot;,&quot;shutter_speed&quot;:&quot;0.033333333333333&quot;,&quot;title&quot;:&quot;&quot;,&quot;orientation&quot;:&quot;0&quot;}\" data-image-title=\"K\u00f6zgy\u0171l\u00e9s 2015.11.05.\" data-image-description=\"\" data-image-caption=\"\" data-medium-file=\"https:\/\/bukkleader.hu\/old\/wp-content\/uploads\/2016\/02\/K\u00f6zgy\u0171l\u00e9s-2015.11.05.-300x225.jpg\" data-large-file=\"https:\/\/bukkleader.hu\/old\/wp-content\/uploads\/2016\/02\/K\u00f6zgy\u0171l\u00e9s-2015.11.05..jpg\" loading=\"lazy\" class=\"alignnone size-full wp-image-854\" src=\"https:\/\/bukkleader.hu\/old\/wp-content\/uploads\/2016\/02\/K\u00f6zgy\u0171l\u00e9s-2015.11.05..jpg\" alt=\"K\u00f6zgy\u0171l\u00e9s 2015.11.05.\" width=\"400\" height=\"300\" srcset=\"https:\/\/bukkleader.hu\/old\/wp-content\/uploads\/2016\/02\/K\u00f6zgy\u0171l\u00e9s-2015.11.05..jpg 400w, https:\/\/bukkleader.hu\/old\/wp-content\/uploads\/2016\/02\/K\u00f6zgy\u0171l\u00e9s-2015.11.05.-300x225.jpg 300w\" sizes=\"(max-width: 400px) 100vw, 400px\" \/><\/a><\/li>\n<\/ol>\n<\/div>\n<p style=\"text-align: justify;\">\u00a0<\/p>\n<p style=\"text-align: justify;\"><i>K\u00f6zz\u00e9t\u00e9tel ideje: 2015.10.23.\u00a0<\/i><\/p>\n<div style=\"text-align: justify;\">\u00a0<em><b>A B\u00fckk-T\u00e9rs\u00e9gi LEADER vid\u00e9kfejleszt\u00e9si k\u00f6z\u00f6ss\u00e9g megkezdte a Helyi Fejleszt\u00e9si Strat\u00e9gi\u00e1j\u00e1nak tervez\u00e9s\u00e9t.<\/b><\/em><\/div>\n<div style=\"text-align: justify;\">\u00a0<\/div>\n<div style=\"text-align: justify;\">2015. 10.11.-\u00e9n 12 taggal megalakult a B\u00fckk-T\u00e9rs\u00e9gi LEADER vid\u00e9kfejleszt\u00e9si k\u00f6z\u00f6ss\u00e9g Helyi Fejleszt\u00e9si Strat\u00e9gi\u00e1j\u00e1nak (HFS) Tervez\u00e9st Koordin\u00e1l\u00f3 Csoportja (TKCS). A TKCS tags\u00e1ga nyitott, b\u00e1rki csatlakozhat a csoporthoz.Az els\u0151 TKCS \u00fcl\u00e9sen meghat\u00e1rozt\u00e1k a j\u00f6v\u0151k\u00e9p n\u00e9h\u00e1ny c\u00e9lkit\u0171z\u00e9s\u00e9t, amely alapj\u00e1n tervezhet\u0151 a strat\u00e9gia \u00e9s \u00a0amely alapj\u00e1n kidolgoz\u00e1sra ker\u00fclt a tervez\u00e9s m\u00f3dszertana.<\/div>\n<div style=\"text-align: justify;\">A tervez\u00e9si ter\u00fcletet 6 k\u00f6rzetre osztottuk fel. A munkaszervezet szervez\u00e9s\u00e9ben a TKCS tagok faluf\u00f3rumot tartanak valamennyi telep\u00fcl\u00e9s\u00fcnk\u00f6n. A f\u00f3rumokon az el\u0151ad\u00f3k bemutatj\u00e1k az EU \u00e9s a hazai t\u00e1mogat\u00e1si lehet\u0151s\u00e9geket, kiemelten a Vid\u00e9kfejleszt\u00e9si Programot (VP), bemutatj\u00e1k \u00e9s indokolj\u00e1k a 2005 \u00f3ta folyamatosan fejl\u0151d\u0151 HVS\/HFS aktu\u00e1lis tartalm\u00e1t, r\u00e1mutatnak a megjelentek fejleszt\u00e9si c\u00e9ljainak hely\u00e9re a t\u00e1mogat\u00e1si rendszerekben. Az el\u0151ad\u00f3k a f\u00f3rumok v\u00e9g\u00e9n \u00f6sszefoglalj\u00e1k a javaslatk\u00e9nt \u00e9rkezett \u00faj elemeket, amelyek tov\u00e1bbfejleszthetik a HFS-t. Az el\u0151ad\u00f3k eml\u00e9keztet\u0151ket k\u00e9sz\u00edtenek \u00e9s TKCS \u00fcl\u00e9seken besz\u00e1molnak a f\u00f3rumokon elhangzott v\u00e9lem\u00e9nyekr\u0151l, javaslatokr\u00f3l, amelyeket a TKCS be\u00e9p\u00edt a strat\u00e9gi\u00e1ba. A projektgy\u0171jt\u0151 adatlapokon, elektronikus lev\u00e9lben, telefonon \u00e9s szem\u00e9lyes megkeres\u00e9s \u00e1ltal be\u00e9rkezett javaslatok is folyamatosan be\u00e9p\u00edt\u00e9sre ker\u00fclnek a HFS-be.<\/div>\n<p style=\"text-align: justify;\">A TKCS \u00e1ltal kidolgozott m\u00f3dszertant \u00e9s a tervez\u00e9s elind\u00edt\u00e1s\u00e1hoz sz\u00fcks\u00e9ges j\u00f6v\u0151k\u00e9pet az Eln\u00f6ks\u00e9g 2015. 10. 21.-\u00e9n elfogadta.<\/p>\n<p style=\"text-align: justify;\">A HFS tervez\u00e9s\u00e9t seg\u00edt\u0151 \u00fatmutat\u00f3t dolgozott ki a Lechner Nonprofit Kft.\u00a0<\/p>\n<p style=\"text-align: justify;\"><strong><a class=\"btn\" href=\"https:\/\/bukkleader.hu\/old\/wp-content\/uploads\/2016\/02\/HFS_tervezesi_utmutato_0922.pdf\" target=\"_blank\" rel=\"noopener noreferrer\">A strat\u00e9giai tervez\u00e9si \u00fatmutat\u00f3 megtekinthet\u0151, let\u00f6lthet\u0151 itt!<\/a><\/strong><\/p>\n<div style=\"text-align: justify;\">\u00a0<\/div>\n<div class=\"sharedaddy sd-sharing-enabled\"><div class=\"robots-nocontent sd-block sd-social sd-social-icon sd-sharing\"><h3 class=\"sd-title\">Share this:<\/h3><div class=\"sd-content\"><ul><li class=\"share-facebook\"><a rel=\"nofollow noopener noreferrer\" data-shared=\"sharing-facebook-835\" class=\"share-facebook sd-button share-icon no-text\" href=\"https:\/\/bukkleader.hu\/old\/strategiank-2014-2020\/?share=facebook\" target=\"_blank\" title=\"Click to share on Facebook\"><span><\/span><span class=\"sharing-screen-reader-text\">Click to share on Facebook (Opens in new window)<\/span><\/a><\/li><li class=\"share-twitter\"><a rel=\"nofollow noopener noreferrer\" data-shared=\"sharing-twitter-835\" class=\"share-twitter sd-button share-icon no-text\" href=\"https:\/\/bukkleader.hu\/old\/strategiank-2014-2020\/?share=twitter\" target=\"_blank\" title=\"Click to share on Twitter\"><span><\/span><span class=\"sharing-screen-reader-text\">Click to share on Twitter (Opens in new window)<\/span><\/a><\/li><li class=\"share-print\"><a rel=\"nofollow noopener noreferrer\" data-shared=\"\" class=\"share-print sd-button share-icon no-text\" href=\"https:\/\/bukkleader.hu\/old\/strategiank-2014-2020\/\" target=\"_blank\" title=\"Click to print\"><span><\/span><span class=\"sharing-screen-reader-text\">Click to print (Opens in new window)<\/span><\/a><\/li><li class=\"share-email\"><a rel=\"nofollow noopener noreferrer\" data-shared=\"\" class=\"share-email sd-button share-icon no-text\" href=\"https:\/\/bukkleader.hu\/old\/strategiank-2014-2020\/?share=email\" target=\"_blank\" title=\"Click to email this to a friend\"><span><\/span><span class=\"sharing-screen-reader-text\">Click to email this to a friend (Opens in new window)<\/span><\/a><\/li><li class=\"share-end\"><\/li><\/ul><\/div><\/div><\/div>","protected":false},"excerpt":{"rendered":"<p>&nbsp; K\u00f6zz\u00e9t\u00e9tel d\u00e1tuma: 2017. 05. 30. A Minisztereln\u00f6ks\u00e9g Agr\u00e1r-vid\u00e9kfejleszt\u00e9s\u00e9rt Felel\u0151s \u00c1llamtitk\u00e1rs\u00e1g\u00e1nak Ir\u00e1ny\u00edt\u00f3 Hat\u00f3s\u00e1ga \u00e9s a B\u00fckk-T\u00e9rs\u00e9gi LEADER Egyes\u00fclet Egy\u00fcttm\u0171k\u00f6d\u00e9si Meg\u00e1llapod\u00e1sa a Helyi Fejleszt\u00e9si Strat\u00e9gia megval\u00f3s\u00edt\u00e1s\u00e1ra \u00e9s a HACS m\u0171k\u00f6d\u00e9si \u00e9s anim\u00e1ci\u00f3s k\u00f6lts\u00e9geinek t\u00e1mogat\u00e1s\u00e1ra. Itt olvashat\u00f3 &gt;&gt; &nbsp; K\u00f6zz\u00e9t\u00e9tel d\u00e1tuma: 2017. 05. 30. A B\u00fckk-T\u00e9rs\u00e9gi LEADER Egyes\u00fclet K\u00f6zgy\u0171l\u00e9se 2017. 05. 29.-\u00e9n elfogadta a Helyi Fejleszt\u00e9si Strat\u00e9gia [&hellip;]<\/p>\n<div class=\"sharedaddy sd-sharing-enabled\"><div class=\"robots-nocontent sd-block sd-social sd-social-icon sd-sharing\"><h3 class=\"sd-title\">Share this:<\/h3><div class=\"sd-content\"><ul><li class=\"share-facebook\"><a rel=\"nofollow noopener noreferrer\" data-shared=\"sharing-facebook-835\" class=\"share-facebook sd-button share-icon no-text\" href=\"https:\/\/bukkleader.hu\/old\/strategiank-2014-2020\/?share=facebook\" target=\"_blank\" title=\"Click to share on Facebook\"><span><\/span><span class=\"sharing-screen-reader-text\">Click to share on Facebook (Opens in new window)<\/span><\/a><\/li><li class=\"share-twitter\"><a rel=\"nofollow noopener noreferrer\" data-shared=\"sharing-twitter-835\" class=\"share-twitter sd-button share-icon no-text\" href=\"https:\/\/bukkleader.hu\/old\/strategiank-2014-2020\/?share=twitter\" target=\"_blank\" title=\"Click to share on Twitter\"><span><\/span><span class=\"sharing-screen-reader-text\">Click to share on Twitter (Opens in new window)<\/span><\/a><\/li><li class=\"share-print\"><a rel=\"nofollow noopener noreferrer\" data-shared=\"\" class=\"share-print sd-button share-icon no-text\" href=\"https:\/\/bukkleader.hu\/old\/strategiank-2014-2020\/\" target=\"_blank\" title=\"Click to print\"><span><\/span><span class=\"sharing-screen-reader-text\">Click to print (Opens in new window)<\/span><\/a><\/li><li class=\"share-email\"><a rel=\"nofollow noopener noreferrer\" data-shared=\"\" class=\"share-email sd-button share-icon no-text\" href=\"https:\/\/bukkleader.hu\/old\/strategiank-2014-2020\/?share=email\" target=\"_blank\" title=\"Click to email this to a friend\"><span><\/span><span class=\"sharing-screen-reader-text\">Click to email this to a friend (Opens in new window)<\/span><\/a><\/li><li class=\"share-end\"><\/li><\/ul><\/div><\/div><\/div>","protected":false},"author":1,"featured_media":0,"parent":0,"menu_order":0,"comment_status":"closed","ping_status":"closed","template":"","meta":{"_bbp_topic_count":0,"_bbp_reply_count":0,"_bbp_total_topic_count":0,"_bbp_total_reply_count":0,"_bbp_voice_count":0,"_bbp_anonymous_reply_count":0,"_bbp_topic_count_hidden":0,"_bbp_reply_count_hidden":0,"_bbp_forum_subforum_count":0,"spay_email":""},"jetpack_sharing_enabled":true,"jetpack-related-posts":[{"id":24,"url":"https:\/\/bukkleader.hu\/old\/rolunk\/","url_meta":{"origin":835,"position":0},"title":"R\u00f3lunk","date":"2015-08-28","format":false,"excerpt":"A nagy sikereket el\u00e9rt, k\u00f6zel 3 milli\u00e1rd Ft EMVA t\u00e1mogat\u00e1st kip\u00e1ly\u00e1ztat\u00f3 B\u00dcKK-MAK LEADER vid\u00e9kfejleszt\u00e9si k\u00f6z\u00f6ss\u00e9g (www.bukkmakleader.hu) a 2012-2015. id\u0151szakban a B\u00fckk-Miskolc t\u00e9rs\u00e9gr\u0151l p\u00e1ly\u00e1zhat\u00f3 vid\u00e9kfejleszt\u00e9si forr\u00e1sok megszerz\u00e9se \u00e9rdek\u00e9ben, a Vid\u00e9kfejleszt\u00e9si Miniszt\u00e9rium (VM) k\u00f6telez\u0151 el\u0151\u00edr\u00e1s\u00e1nak (54\/2011. VM rendelet) megfelel\u0151en \u2013 miszerint \u201e2012. \u00e1prilis 30-\u00e1t k\u00f6vet\u0151en LEADER HACS c\u00edmmel kiz\u00e1r\u00f3lag egyes\u00fclet rendelkezhet, illetve\u2026","rel":"","context":"Similar post","img":{"alt_text":"","src":"https:\/\/i1.wp.com\/bukkleader.hu\/old\/wp-content\/uploads\/2015\/08\/image003.jpg?resize=350%2C200&ssl=1","width":350,"height":200},"classes":[]},{"id":68,"url":"https:\/\/bukkleader.hu\/old\/strategiank\/","url_meta":{"origin":835,"position":1},"title":"Strat\u00e9gi\u00e1nk 2007-2014","date":"2015-08-29","format":false,"excerpt":"Eur\u00f3pai Mez\u0151gazdas\u00e1gi Vid\u00e9kfejleszt\u00e9si Alap:\u00a0a vid\u00e9ki ter\u00fcletekbe beruh\u00e1z\u00f3 Eur\u00f3pa Helyi Vid\u00e9kfejleszt\u00e9si Strat\u00e9gia Strat\u00e9gia elolvas\u00e1sa, let\u00f6lt\u00e9se","rel":"","context":"Similar post","img":{"alt_text":"","src":"","width":0,"height":0},"classes":[]},{"id":1456,"url":"https:\/\/bukkleader.hu\/old\/leader-felhivasok\/helyi-videkfejlesztesi-strategia-vegrehajtasa-2007-2013\/","url_meta":{"origin":835,"position":2},"title":"A Helyi Vid\u00e9kfejleszt\u00e9si Strat\u00e9gia V\u00e9grehajt\u00e1sa 2007-2013","date":"2017-12-16","format":false,"excerpt":"B\u00dcKK-MAK LEADER NONPROFIT KFT.; B\u00dcKK-T\u00c9RS\u00c9GI LEADER EGYES\u00dcLET A HELYI VID\u00c9KFEJLESZT\u00c9SI STRAT\u00c9GIA V\u00c9GREHAJT\u00c1SA Z\u00c1R\u00d3JELENT\u00c9S 2007-2013 A dokumentum itt olvashat\u00f3>> BTLE Z\u00e1r\u00f3besz\u00e1mol\u00f3 t\u00e1mogatott p\u00e1ly\u00e1zatok \u00f6sszes\u00edt\u00e9se t\u00e1bl\u00e1zat A t\u00e1bl\u00e1zat itt olvashat\u00f3>>","rel":"","context":"Similar post","img":{"alt_text":"","src":"","width":0,"height":0},"classes":[]},{"id":2565,"url":"https:\/\/bukkleader.hu\/old\/nyertes-palyazoink-2014-2020\/","url_meta":{"origin":835,"position":3},"title":"Nyertes p\u00e1ly\u00e1z\u00f3ink 2014-2020","date":"2020-04-24","format":false,"excerpt":"\u00d6sszes\u00edt\u00e9s a B\u00fckk-T\u00e9rs\u00e9gi LEADER Egyes\u00fclet ter\u00fclet\u00e9n a 2014-2020-as id\u0151szakban t\u00e1mogatott projektekr\u0151l (2020.10.07-i \u00e1llapot) T\u00e1mogat\u00e1st ig\u00e9nyl\u0151 Meg\u00edt\u00e9lt t\u00e1mogat\u00e1s (Ft) Megval\u00f3s\u00edt\u00e1s helye LEADER TUDOMKA PONTOK KIALAK\u00cdT\u00c1SA VP6-19.2.1.-15-1-17 Hagyom\u00e1nyteremt\u0151 M\u0171v\u00e9szeti \u00e9s Oktat\u00e1si Nonprofit Kft. 2 501 580 Saj\u00f3l\u00e1d \"Bar\u00e1tainkkal az \u00faton\" Alap\u00edtv\u00e1ny 2 882 904 Borsodgeszt \"Csak term\u00e9szetesen\" Nonprofit Kft. 2 999 994\u2026","rel":"","context":"Similar post","img":{"alt_text":"","src":"","width":0,"height":0},"classes":[]},{"id":907,"url":"https:\/\/bukkleader.hu\/old\/tagfelvetel\/","url_meta":{"origin":835,"position":4},"title":"Tagfelv\u00e9tel","date":"2016-05-23","format":false,"excerpt":"A B\u00fckk-T\u00e9rs\u00e9gi LEADER Egyes\u00fclet tagja lehet minden olyan term\u00e9szetes \u00e9s jogi szem\u00e9ly, vagy jogi szem\u00e9lyis\u00e9ggel nem rendelkez\u0151 gazdas\u00e1gi t\u00e1rsas\u00e1g, aki egyet\u00e9rt az Egyes\u00fclet c\u00e9ljaival, elfogadja az alapszab\u00e1lyt, rendszeresen fizeti a tagd\u00edjat \u00e9s felv\u00e9tel\u00e9hez a K\u00f6zgy\u0171l\u00e9s egyszer\u0171 sz\u00f3t\u00f6bbs\u00e9ggel hozott hat\u00e1rozat\u00e1val hozz\u00e1j\u00e1rul. A felv\u00e9teli elj\u00e1r\u00e1s a tagjel\u00f6lt bel\u00e9p\u00e9si nyilatkozat\u00e1nak az Eln\u00f6ks\u00e9ghez val\u00f3\u2026","rel":"","context":"Similar post","img":{"alt_text":"","src":"","width":0,"height":0},"classes":[]},{"id":34,"url":"https:\/\/bukkleader.hu\/old\/","url_meta":{"origin":835,"position":5},"title":"P\u00e1ly\u00e1z\u00f3k figyelm\u00e9be!  Helyi t\u00e1mogat\u00e1si k\u00e9relem beny\u00fajt\u00e1s\u00e1nak felf\u00fcggeszt\u00e9se!","date":"2015-08-28","format":false,"excerpt":"\u00a0 P\u00e1ly\u00e1z\u00f3k figyelm\u00e9be! Helyi t\u00e1mogat\u00e1si k\u00e9relem beny\u00fajt\u00e1s\u00e1nak felf\u00fcggeszt\u00e9se! T\u00e1j\u00e9koztatjuk\u00a0Tisztelt P\u00e1ly\u00e1z\u00f3inkat, hogy a Temetkez\u00e9si hagyom\u00e1nyok \u00e1pol\u00e1sa (VP6-19.2.1.-15-8-17) elnevez\u00e9s\u0171 t\u00e1mogat\u00e1si k\u00e9relmek tov\u00e1bbi beny\u00fajt\u00e1s\u00e1t\u00a02018. 04. 01.-\u00e9n\u00a0felf\u00fcggesztj\u00fck!\u00a0 Indoka, hogy az els\u0151 p\u00e1ly\u00e1zati szakasz z\u00e1r\u00e1sakor az ig\u00e9nyelt t\u00e1mogat\u00e1sok \u00f6sszege meghaladja a 200%-ot. \u00a0 \u00a0 \u00a0 \u00a0","rel":"","context":"Similar post","img":{"alt_text":"","src":"https:\/\/i2.wp.com\/bukkleader.hu\/old\/wp-content\/uploads\/2017\/12\/danger.png?resize=350%2C200&ssl=1","width":350,"height":200},"classes":[]}],"_links":{"self":[{"href":"https:\/\/bukkleader.hu\/old\/wp-json\/wp\/v2\/pages\/835"}],"collection":[{"href":"https:\/\/bukkleader.hu\/old\/wp-json\/wp\/v2\/pages"}],"about":[{"href":"https:\/\/bukkleader.hu\/old\/wp-json\/wp\/v2\/types\/page"}],"author":[{"embeddable":true,"href":"https:\/\/bukkleader.hu\/old\/wp-json\/wp\/v2\/users\/1"}],"replies":[{"embeddable":true,"href":"https:\/\/bukkleader.hu\/old\/wp-json\/wp\/v2\/comments?post=835"}],"version-history":[{"count":44,"href":"https:\/\/bukkleader.hu\/old\/wp-json\/wp\/v2\/pages\/835\/revisions"}],"predecessor-version":[{"id":1348,"href":"https:\/\/bukkleader.hu\/old\/wp-json\/wp\/v2\/pages\/835\/revisions\/1348"}],"wp:attachment":[{"href":"https:\/\/bukkleader.hu\/old\/wp-json\/wp\/v2\/media?parent=835"}],"curies":[{"name":"wp","href":"https:\/\/api.w.org\/{rel}","templated":true}]}}