{"id":24,"date":"2015-08-28T14:14:42","date_gmt":"2015-08-28T12:14:42","guid":{"rendered":"https:\/\/bukkleader.hu\/old\/new\/?page_id=24"},"modified":"2019-02-25T14:16:33","modified_gmt":"2019-02-25T13:16:33","slug":"rolunk","status":"publish","type":"page","link":"https:\/\/bukkleader.hu\/old\/rolunk\/","title":{"rendered":"R\u00f3lunk"},"content":{"rendered":"<p style=\"text-align: justify;\">A nagy sikereket el\u00e9rt, k\u00f6zel 3 milli\u00e1rd Ft EMVA t\u00e1mogat\u00e1st kip\u00e1ly\u00e1ztat\u00f3 B\u00dcKK-MAK LEADER vid\u00e9kfejleszt\u00e9si k\u00f6z\u00f6ss\u00e9g (<a href=\"http:\/\/www.bukkmakleader.hu\/\">www.bukkmakleader.hu<\/a>) a 2012-2015. id\u0151szakban a B\u00fckk-Miskolc t\u00e9rs\u00e9gr\u0151l p\u00e1ly\u00e1zhat\u00f3 vid\u00e9kfejleszt\u00e9si forr\u00e1sok megszerz\u00e9se \u00e9rdek\u00e9ben, a Vid\u00e9kfejleszt\u00e9si Miniszt\u00e9rium (VM) k\u00f6telez\u0151 el\u0151\u00edr\u00e1s\u00e1nak (54\/2011. VM rendelet) megfelel\u0151en \u2013 miszerint \u201e2012. \u00e1prilis 30-\u00e1t k\u00f6vet\u0151en LEADER HACS c\u00edmmel kiz\u00e1r\u00f3lag egyes\u00fclet rendelkezhet, illetve e c\u00edmet csak egyes\u00fclet nyerheti el.\u201d -, sz\u00e9les t\u00e1rsadalmi b\u00e1zison \u00faj egyes\u00fcletet szervezett, melynek alakul\u00f3 k\u00f6zgy\u0171l\u00e9s\u00e9t a k\u00f6z\u00f6ss\u00e9g 2011. okt\u00f3ber 27-\u00e9n, az als\u00f3zsolcai K\u00f6z\u00f6ss\u00e9gi H\u00e1zban tartotta meg.<br \/>\nA B\u00edr\u00f3s\u00e1g \u00e1ltal 2011. november 30-\u00e1n bejegyzett B\u00fckk-T\u00e9rs\u00e9gi LEADER Egyes\u00fclet 145 tagb\u00f3l \u00e1ll, 42 tag a k\u00f6zszf\u00e9r\u00e1t, 61 tag a civil szf\u00e9r\u00e1t \u00e9s 42 tag az \u00fczleti szf\u00e9r\u00e1t k\u00e9pviseli. Az Egyes\u00fclet 2012. m\u00e1rcius 23-\u00e1n t\u00f6bb sz\u00e1z oldalas p\u00e1ly\u00e1zati dokument\u00e1ci\u00f3t ny\u00fajtott be a VM-hez, mely pozit\u00edv elb\u00edr\u00e1l\u00e1st kapott \u00e9s a vid\u00e9kfejleszt\u00e9si program Ir\u00e1ny\u00edt\u00f3 Hat\u00f3s\u00e1ga hat\u00e1rozatban elismerte a LEADER Helyi Akci\u00f3csoport c\u00edmet, majd az Egyes\u00fclettel 2015. december 31-ig Egy\u00fcttm\u0171k\u00f6d\u00e9si meg\u00e1llapod\u00e1st k\u00f6t\u00f6tt.<br \/>\nFentiek alapj\u00e1n 2012. m\u00e1jus 1-t\u0151l a B\u00fckk-T\u00e9rs\u00e9gi LEADER Egyes\u00fclet vette \u00e1t az EMVA III. \u2013 IV. p\u00e1ly\u00e1zatokkal kapcsolatos feladatokat a B\u00dcKK-MAK LEADER Nonprofit Kft.-t\u0151l.<br \/>\nA B\u00fckk-T\u00e9rs\u00e9gi LEADER Egyes\u00fclet mint HACS 2012. m\u00e1jus 1-\u00e9n kezdte meg m\u0171k\u00f6d\u00e9s\u00e9t, feladatai voltak: a B\u00dcKK-MAK LEADER Nonprofit Kft.-t\u0151l \u00e1tvett, a meg\u00fajul\u00f3 energiaforr\u00e1sok k\u00f6z\u00f6ss\u00e9gi hasznos\u00edt\u00e1s\u00e1n alapul\u00f3 Helyi Vid\u00e9kfejleszt\u00e9si Strat\u00e9gia megval\u00f3s\u00edt\u00e1sa, a EMVA III. 1-2. fordul\u00f3j\u00e1ban t\u00e1mogat\u00e1st nyert 80 db \u00e9s az EMVA IV. 1-2. fordul\u00f3j\u00e1ban t\u00e1mogat\u00e1st nyert 117 db p\u00e1ly\u00e1zat megval\u00f3s\u00edt\u00e1s\u00e1nak seg\u00edt\u00e9se, tov\u00e1bb\u00e1 a p\u00e1ly\u00e1zatok hivatalos \u00fcgyint\u00e9z\u00e9s\u00e9ben val\u00f3 k\u00f6zrem\u0171k\u00f6d\u00e9s a Mez\u0151gazdas\u00e1gi \u00e9s Vid\u00e9kfejleszt\u00e9si Hivatal deleg\u00e1l\u00e1si szerz\u0151d\u00e9se alapj\u00e1n.<\/p>\n<p style=\"text-align: justify;\">A 2007-2014 tervez\u00e9si id\u0151szak 2015. okt\u00f3ber 30-\u00e1l z\u00e1rult le.<\/p>\n<p style=\"text-align: justify;\">A 2014-2020 k\u00f6z\u00f6tti programoz\u00e1si id\u0151szakra. Az Eur\u00f3pai Mez\u0151gazdas\u00e1gi Vid\u00e9kfejleszt\u00e9si Alap t\u00e1rsfinansz\u00edroz\u00e1s\u00e1ban megval\u00f3sul\u00f3 Vid\u00e9kfejleszt\u00e9si Program Ir\u00e1ny\u00edt\u00f3 Hat\u00f3s\u00e1ga 2015. szeptember 25-\u00e9n j\u00f3v\u00e1hagyta a B\u00fckk-T\u00e9rs\u00e9gi LEADER Egyes\u00fclet illet\u00e9kess\u00e9gi ter\u00fclet\u00e9t. A HACS 2015. november 1-\u00e9n kezdte meg a Helyi Fejleszt\u00e9si Strat\u00e9gi\u00e1j\u00e1nak tervez\u00e9s\u00e9t, amelyet a K\u00f6zgy\u0171l\u00e9s 2016. 05. 31-\u00e9n fogadott el.<\/p>\n<h3 style=\"text-align: justify;\">A HACS tervez\u00e9si ter\u00fclet\u00e9hez tartoz\u00f3 telep\u00fcl\u00e9sek:<\/h3>\n<p style=\"text-align: justify;\">A n\u00e9vre kattintva el\u00e9rhet\u0151 az adott telep\u00fcl\u00e9s honlapja:\u00a0<\/p>\n<p style=\"text-align: justify;\"><div class=\"su-row\">\n<div class=\"su-column su-column-size-1-2\"><div class=\"su-column-inner su-u-clearfix su-u-trim\">\n<ul style=\"text-align: justify;\">\n<li style=\"text-align: justify;\"><a href=\"http:\/\/www.alacska.hu\/\" target=\"_blank\" rel=\"noopener\">Alacska<\/a><\/li>\n<li style=\"text-align: justify;\"><a href=\"http:\/\/www.alsozsolca.hu\/\" target=\"_blank\" rel=\"noopener\">Als\u00f3zsolca<\/a><\/li>\n<li style=\"text-align: justify;\"><a href=\"http:\/\/www.arnot.hu\/\" target=\"_blank\" rel=\"noopener\">Arn\u00f3t<\/a><\/li>\n<li style=\"text-align: justify;\"><a href=\"http:\/\/www.bogacs.hu\/\" target=\"_blank\" rel=\"noopener\">Bog\u00e1cs<\/a><\/li>\n<li style=\"text-align: justify;\"><a href=\"http:\/\/www.borsodgeszt.hu\/\" target=\"_blank\" rel=\"noopener\">Borsodgeszt<\/a><\/li>\n<li style=\"text-align: justify;\"><a href=\"http:\/\/www.bocskozseg.hu\/\" target=\"_blank\" rel=\"noopener\">B\u0151cs<\/a><\/li>\n<li style=\"text-align: justify;\"><a href=\"http:\/\/www.bukkaranyos.hu\/\" target=\"_blank\" rel=\"noopener\">B\u00fckkaranyos<\/a><\/li>\n<li style=\"text-align: justify;\"><a href=\"http:\/\/www.bukkabrany.hu\/\" target=\"_blank\" rel=\"noopener\">B\u00fckk\u00e1br\u00e1ny<\/a><\/li>\n<li style=\"text-align: justify;\"><a href=\"http:\/\/www.bukkszentkereszt.hu\/\" target=\"_blank\" rel=\"noopener\">B\u00fckkszentkereszt<\/a><\/li>\n<li style=\"text-align: justify;\"><a href=\"http:\/\/www.bukkzserc.hu\/\" target=\"_blank\" rel=\"noopener\">B\u00fckkzs\u00e9rc<\/a><\/li>\n<li style=\"text-align: justify;\"><a href=\"http:\/\/www.cserepfalu.hu\/\" target=\"_blank\" rel=\"noopener\">Cser\u00e9pfalu<\/a><\/li>\n<li style=\"text-align: justify;\"><a href=\"http:\/\/www.cserepvaralja.hu\/\" target=\"_blank\" rel=\"noopener\">Cser\u00e9pv\u00e1ralja<\/a><\/li>\n<li style=\"text-align: justify;\"><a href=\"http:\/\/www.dedestapolcsany.hu\/\" target=\"_blank\" rel=\"noopener\">D\u00e9destapolcs\u00e1ny<\/a><\/li>\n<li style=\"text-align: justify;\"><a href=\"http:\/\/www.emod.hu\/\" target=\"_blank\" rel=\"noopener\">Em\u0151d<\/a><\/li>\n<li style=\"text-align: justify;\"><a href=\"http:\/\/www.felsozsolcaph.hu\/news.php\" target=\"_blank\" rel=\"noopener\">Fels\u0151zsolca<\/a><\/li>\n<li style=\"text-align: justify;\"><a href=\"http:\/\/www.harsany.hu\/\" target=\"_blank\" rel=\"noopener\">Hars\u00e1ny<\/a><\/li>\n<li style=\"text-align: justify;\"><a href=\"http:\/\/www.hernadkak.hu\/\" target=\"_blank\" rel=\"noopener\">Hern\u00e1dkak<\/a><\/li>\n<li style=\"text-align: justify;\"><a href=\"http:\/\/www.hernadnemeti.hu\/\" target=\"_blank\" rel=\"noopener\">Hern\u00e1dn\u00e9meti<\/a><\/li>\n<li style=\"text-align: justify;\"><a href=\"http:\/\/www.kacs.hu\/\" target=\"_blank\" rel=\"noopener\">K\u00e1cs<\/a><\/li>\n<li style=\"text-align: justify;\"><a href=\"http:\/\/www.kisgyor.hu\/elemek\/keret.php?redirect=keret.php&amp;fajl__nev=html\/kezdo_oldal.php\" target=\"_blank\" rel=\"noopener\">Kisgy\u0151r<\/a><\/li>\n<li style=\"text-align: justify;\"><a href=\"http:\/\/www.kistokaj.hu\/kistokaj\/\" target=\"_blank\" rel=\"noopener\">Kistokaj<\/a><\/li>\n<li style=\"text-align: justify;\"><a href=\"http:\/\/www.kondo.hu\/\" target=\"_blank\" rel=\"noopener\">Kond\u00f3<\/a><\/li>\n<li style=\"text-align: justify;\"><a href=\"http:\/\/www.malyi.net\/\" target=\"_blank\" rel=\"noopener\">M\u00e1lyi<\/a><\/li>\n<li style=\"text-align: justify;\"><a href=\"http:\/\/www.malyinka.hu\/\" target=\"_blank\" rel=\"noopener\">M\u00e1lyinka<\/a><\/li>\n<li style=\"text-align: justify;\"><a href=\"http:\/\/onkormanyzat.net\/2006\/onkormanyzatok\/muhi-kozseg\" target=\"_blank\" rel=\"noopener\">Muhi<\/a><\/li>\n<li style=\"text-align: justify;\"><a href=\"http:\/\/www.nyekladhaza.hu\/\" target=\"_blank\" rel=\"noopener\">Ny\u00e9kl\u00e1dh\u00e1z<\/a>a<\/li>\n<li style=\"text-align: justify;\"><a href=\"http:\/\/www.parasznya.hu\/\" target=\"_blank\" rel=\"noopener\">Parasznya<\/a><\/li>\n<li style=\"text-align: justify;\"><a href=\"https:\/\/www.telepules.com\/sajobabony\/onkormanyzat.html\">Saj\u00f3b\u00e1bony<\/a><\/li>\n<li style=\"text-align: justify;\"><a href=\"http:\/\/onkormanyzat.net\/2006\/onkormanyzatok\/sajokapolna-kozseg\" target=\"_blank\" rel=\"noopener\">Saj\u00f3k\u00e1polna<\/a><\/li>\n<li style=\"text-align: justify;\"><a href=\"http:\/\/www.sajokeresztur.hu\/\" target=\"_blank\" rel=\"noopener\">Saj\u00f3kereszt\u00far<\/a><\/li>\n<li style=\"text-align: justify;\"><a href=\"http:\/\/www.sajolad.hu\/\" target=\"_blank\" rel=\"noopener\">Saj\u00f3l\u00e1d<\/a><\/li>\n<li style=\"text-align: justify;\"><a href=\"http:\/\/onkormanyzat.net\/2006\/onkormanyzatok\/sajolaszlofalva-kozseg\" target=\"_blank\" rel=\"noopener\">Saj\u00f3l\u00e1szl\u00f3falva<\/a><\/li>\n<li style=\"text-align: justify;\"><a href=\"http:\/\/onkormanyzat.net\/2006\/onkormanyzatok\/sajopetri-kozseg\" target=\"_blank\" rel=\"noopener\">Saj\u00f3petri<\/a><\/li>\n<li style=\"text-align: justify;\"><a href=\"http:\/\/www.saly.hu\/saly\/telepulesunk_bemutatkozik\/\" target=\"_blank\" rel=\"noopener\">S\u00e1ly<\/a><\/li>\n<li style=\"text-align: justify;\"><a href=\"http:\/\/www.szirmabesenyo.hu\/\" target=\"_blank\" rel=\"noopener\">Szirmabeseny\u0151<\/a><\/li>\n<li style=\"text-align: justify;\"><a href=\"http:\/\/www.szomolya.hu\/\" target=\"_blank\" rel=\"noopener\">Szomolya<\/a><\/li>\n<li style=\"text-align: justify;\"><a href=\"http:\/\/www.tard.hu\/\" target=\"_blank\" rel=\"noopener\">Tard<\/a><\/li>\n<li style=\"text-align: justify;\"><a href=\"http:\/\/www.tardona.hu\/telepules\/telepulesunk_bemutatkozik\/\" target=\"_blank\" rel=\"noopener\">Tardona<\/a><\/li>\n<li style=\"text-align: justify;\"><a href=\"http:\/\/www.tibolddaroc.hu\/\" target=\"_blank\" rel=\"noopener\">Tibolddar\u00f3c<\/a><\/li>\n<li style=\"text-align: justify;\"><a class=\"style6\" href=\"http:\/\/www.varbo.hu\/\" target=\"_blank\" rel=\"noopener\">Varb\u00f3<\/a><\/li>\n<\/ul>\n<p style=\"text-align: justify;\"><\/div><\/div>\n<\/div>\n<p style=\"text-align: justify;\">\u00a0<a href=\"https:\/\/bukkleader.hu\/old\/wp-content\/uploads\/2015\/08\/image003.jpg\"><img data-attachment-id=\"950\" data-permalink=\"https:\/\/bukkleader.hu\/old\/rolunk\/image003\/\" data-orig-file=\"https:\/\/bukkleader.hu\/old\/wp-content\/uploads\/2015\/08\/image003.jpg\" data-orig-size=\"649,461\" data-comments-opened=\"1\" data-image-meta=\"{&quot;aperture&quot;:&quot;0&quot;,&quot;credit&quot;:&quot;&quot;,&quot;camera&quot;:&quot;&quot;,&quot;caption&quot;:&quot;&quot;,&quot;created_timestamp&quot;:&quot;0&quot;,&quot;copyright&quot;:&quot;&quot;,&quot;focal_length&quot;:&quot;0&quot;,&quot;iso&quot;:&quot;0&quot;,&quot;shutter_speed&quot;:&quot;0&quot;,&quot;title&quot;:&quot;&quot;,&quot;orientation&quot;:&quot;0&quot;}\" data-image-title=\"image003\" data-image-description=\"\" data-image-caption=\"\" data-medium-file=\"https:\/\/bukkleader.hu\/old\/wp-content\/uploads\/2015\/08\/image003-300x213.jpg\" data-large-file=\"https:\/\/bukkleader.hu\/old\/wp-content\/uploads\/2015\/08\/image003.jpg\" loading=\"lazy\" class=\"alignnone size-full wp-image-950\" src=\"https:\/\/bukkleader.hu\/old\/wp-content\/uploads\/2015\/08\/image003.jpg\" alt=\"image003\" width=\"649\" height=\"461\" srcset=\"https:\/\/bukkleader.hu\/old\/wp-content\/uploads\/2015\/08\/image003.jpg 649w, https:\/\/bukkleader.hu\/old\/wp-content\/uploads\/2015\/08\/image003-300x213.jpg 300w\" sizes=\"(max-width: 649px) 100vw, 649px\" \/><\/a><\/p>\n<p class=\"style6\" style=\"text-align: justify;\">\u00a0 \u00a0 \u00a0 \u00a0 \u00a0 \u00a0 \u00a0 \u00a0 \u00a0 \u00a0 \u00a0 \u00a0 \u00a0 \u00a0 \u00a0 \u00a0 \u00a0 \u00a0 \u00a0 \u00a0\u00a0<\/p>\n<ul>\n<li class=\"style6\">\n<p style=\"text-align: justify;\"><strong>A HACS munkaszervezete (el\u00e9rhet\u0151s\u00e9gek a <\/strong><a href=\"https:\/\/bukkleader.hu\/old\/kapcsolat\/\"><strong>Kapcsolat<\/strong><\/a><strong> men\u00fcpontban):<\/strong><\/p>\n<ul>\n<li style=\"text-align: justify;\"><strong>Nagy Lajos<\/strong> eln\u00f6k<\/li>\n<li style=\"text-align: justify;\"><strong>Dr. Nagyn\u00e9 Mile Erzs\u00e9bet<\/strong> munkaszervezet vezet\u0151, szakmai vezet\u0151<\/li>\n<li style=\"text-align: justify;\"><strong>Koscs\u00f3 Zsuzsanna<\/strong> p\u00e1ly\u00e1zati \u00fcgyint\u00e9z\u0151<\/li>\n<li style=\"text-align: justify;\"><strong>Szab\u00f3 P\u00e9ter P\u00e1ln\u00e9<\/strong> gazdas\u00e1gi \u00fcgyint\u00e9z\u0151<\/li>\n<\/ul>\n<\/li>\n<\/ul>\n<div class=\"sharedaddy sd-sharing-enabled\"><div class=\"robots-nocontent sd-block sd-social sd-social-icon sd-sharing\"><h3 class=\"sd-title\">Share this:<\/h3><div class=\"sd-content\"><ul><li class=\"share-facebook\"><a rel=\"nofollow noopener noreferrer\" data-shared=\"sharing-facebook-24\" class=\"share-facebook sd-button share-icon no-text\" href=\"https:\/\/bukkleader.hu\/old\/rolunk\/?share=facebook\" target=\"_blank\" title=\"Click to share on Facebook\"><span><\/span><span class=\"sharing-screen-reader-text\">Click to share on Facebook (Opens in new window)<\/span><\/a><\/li><li class=\"share-twitter\"><a rel=\"nofollow noopener noreferrer\" data-shared=\"sharing-twitter-24\" class=\"share-twitter sd-button share-icon no-text\" href=\"https:\/\/bukkleader.hu\/old\/rolunk\/?share=twitter\" target=\"_blank\" title=\"Click to share on Twitter\"><span><\/span><span class=\"sharing-screen-reader-text\">Click to share on Twitter (Opens in new window)<\/span><\/a><\/li><li class=\"share-print\"><a rel=\"nofollow noopener noreferrer\" data-shared=\"\" class=\"share-print sd-button share-icon no-text\" href=\"https:\/\/bukkleader.hu\/old\/rolunk\/\" target=\"_blank\" title=\"Click to print\"><span><\/span><span class=\"sharing-screen-reader-text\">Click to print (Opens in new window)<\/span><\/a><\/li><li class=\"share-email\"><a rel=\"nofollow noopener noreferrer\" data-shared=\"\" class=\"share-email sd-button share-icon no-text\" href=\"https:\/\/bukkleader.hu\/old\/rolunk\/?share=email\" target=\"_blank\" title=\"Click to email this to a friend\"><span><\/span><span class=\"sharing-screen-reader-text\">Click to email this to a friend (Opens in new window)<\/span><\/a><\/li><li class=\"share-end\"><\/li><\/ul><\/div><\/div><\/div>","protected":false},"excerpt":{"rendered":"<p>A nagy sikereket el\u00e9rt, k\u00f6zel 3 milli\u00e1rd Ft EMVA t\u00e1mogat\u00e1st kip\u00e1ly\u00e1ztat\u00f3 B\u00dcKK-MAK LEADER vid\u00e9kfejleszt\u00e9si k\u00f6z\u00f6ss\u00e9g (www.bukkmakleader.hu) a 2012-2015. id\u0151szakban a B\u00fckk-Miskolc t\u00e9rs\u00e9gr\u0151l p\u00e1ly\u00e1zhat\u00f3 vid\u00e9kfejleszt\u00e9si forr\u00e1sok megszerz\u00e9se \u00e9rdek\u00e9ben, a Vid\u00e9kfejleszt\u00e9si Miniszt\u00e9rium (VM) k\u00f6telez\u0151 el\u0151\u00edr\u00e1s\u00e1nak (54\/2011. VM rendelet) megfelel\u0151en \u2013 miszerint \u201e2012. \u00e1prilis 30-\u00e1t k\u00f6vet\u0151en LEADER HACS c\u00edmmel kiz\u00e1r\u00f3lag egyes\u00fclet rendelkezhet, illetve e c\u00edmet csak egyes\u00fclet nyerheti [&hellip;]<\/p>\n<div class=\"sharedaddy sd-sharing-enabled\"><div class=\"robots-nocontent sd-block sd-social sd-social-icon sd-sharing\"><h3 class=\"sd-title\">Share this:<\/h3><div class=\"sd-content\"><ul><li class=\"share-facebook\"><a rel=\"nofollow noopener noreferrer\" data-shared=\"sharing-facebook-24\" class=\"share-facebook sd-button share-icon no-text\" href=\"https:\/\/bukkleader.hu\/old\/rolunk\/?share=facebook\" target=\"_blank\" title=\"Click to share on Facebook\"><span><\/span><span class=\"sharing-screen-reader-text\">Click to share on Facebook (Opens in new window)<\/span><\/a><\/li><li class=\"share-twitter\"><a rel=\"nofollow noopener noreferrer\" data-shared=\"sharing-twitter-24\" class=\"share-twitter sd-button share-icon no-text\" href=\"https:\/\/bukkleader.hu\/old\/rolunk\/?share=twitter\" target=\"_blank\" title=\"Click to share on Twitter\"><span><\/span><span class=\"sharing-screen-reader-text\">Click to share on Twitter (Opens in new window)<\/span><\/a><\/li><li class=\"share-print\"><a rel=\"nofollow noopener noreferrer\" data-shared=\"\" class=\"share-print sd-button share-icon no-text\" href=\"https:\/\/bukkleader.hu\/old\/rolunk\/\" target=\"_blank\" title=\"Click to print\"><span><\/span><span class=\"sharing-screen-reader-text\">Click to print (Opens in new window)<\/span><\/a><\/li><li class=\"share-email\"><a rel=\"nofollow noopener noreferrer\" data-shared=\"\" class=\"share-email sd-button share-icon no-text\" href=\"https:\/\/bukkleader.hu\/old\/rolunk\/?share=email\" target=\"_blank\" title=\"Click to email this to a friend\"><span><\/span><span class=\"sharing-screen-reader-text\">Click to email this to a friend (Opens in new window)<\/span><\/a><\/li><li class=\"share-end\"><\/li><\/ul><\/div><\/div><\/div>","protected":false},"author":1,"featured_media":0,"parent":0,"menu_order":0,"comment_status":"closed","ping_status":"closed","template":"","meta":{"_bbp_topic_count":0,"_bbp_reply_count":0,"_bbp_total_topic_count":0,"_bbp_total_reply_count":0,"_bbp_voice_count":0,"_bbp_anonymous_reply_count":0,"_bbp_topic_count_hidden":0,"_bbp_reply_count_hidden":0,"_bbp_forum_subforum_count":0,"spay_email":""},"jetpack_sharing_enabled":true,"jetpack-related-posts":[{"id":835,"url":"https:\/\/bukkleader.hu\/old\/strategiank-2014-2020\/","url_meta":{"origin":24,"position":0},"title":"Strat\u00e9gi\u00e1nk 2014-2020","date":"2015-10-23","format":false,"excerpt":"\u00a0 K\u00f6zz\u00e9t\u00e9tel d\u00e1tuma: 2017. 05. 30. A Minisztereln\u00f6ks\u00e9g Agr\u00e1r-vid\u00e9kfejleszt\u00e9s\u00e9rt Felel\u0151s \u00c1llamtitk\u00e1rs\u00e1g\u00e1nak Ir\u00e1ny\u00edt\u00f3 Hat\u00f3s\u00e1ga \u00e9s a B\u00fckk-T\u00e9rs\u00e9gi LEADER Egyes\u00fclet Egy\u00fcttm\u0171k\u00f6d\u00e9si Meg\u00e1llapod\u00e1sa a Helyi Fejleszt\u00e9si Strat\u00e9gia megval\u00f3s\u00edt\u00e1s\u00e1ra \u00e9s a HACS m\u0171k\u00f6d\u00e9si \u00e9s anim\u00e1ci\u00f3s k\u00f6lts\u00e9geinek t\u00e1mogat\u00e1s\u00e1ra. Itt olvashat\u00f3 >> \u00a0 K\u00f6zz\u00e9t\u00e9tel d\u00e1tuma: 2017. 05. 30. A B\u00fckk-T\u00e9rs\u00e9gi LEADER Egyes\u00fclet K\u00f6zgy\u0171l\u00e9se 2017. 05. 29.-\u00e9n\u2026","rel":"","context":"Similar post","img":{"alt_text":"eu-strukturalis-alap700x238-w","src":"https:\/\/i0.wp.com\/bukkleader.hu\/old\/wp-content\/uploads\/2015\/10\/eu-strukturalis-alap700x238-w.jpg?resize=350%2C200&ssl=1","width":350,"height":200},"classes":[]},{"id":144,"url":"https:\/\/bukkleader.hu\/old\/mukodesi-koltsegek\/","url_meta":{"origin":24,"position":1},"title":"M\u0171k\u00f6d\u00e9si k\u00f6lts\u00e9gek","date":"2015-09-01","format":false,"excerpt":"A HACS m\u0171k\u00f6d\u00e9si k\u00f6lts\u00e9gei (friss\u00edtve: 2015.09.23.)A m\u0171k\u00f6d\u00e9si k\u00f6lts\u00e9gek t\u00e9teles elsz\u00e1mol\u00e1sa az MVH fel\u00e9 egy \u00e9s h\u00e1rom havonta beny\u00fajtott kifizet\u00e9si k\u00e9relmek t\u00e9teleinek megfelel\u0151en az al\u00e1bbi linkekre kattintva, t\u00e1mogat\u00e1si id\u0151szakonk\u00e9nt pdf form\u00e1tumban let\u00f6lthet\u0151:2012. m\u00e1jus 01. - 2012. m\u00e1jus 31. (b\u00e9r ktg.-ek) >>2012. m\u00e1jus 01. - 2012. j\u00fanius 30. >>2012. j\u00falius 01. -\u2026","rel":"","context":"Similar post","img":{"alt_text":"","src":"","width":0,"height":0},"classes":[]},{"id":68,"url":"https:\/\/bukkleader.hu\/old\/strategiank\/","url_meta":{"origin":24,"position":2},"title":"Strat\u00e9gi\u00e1nk 2007-2014","date":"2015-08-29","format":false,"excerpt":"Eur\u00f3pai Mez\u0151gazdas\u00e1gi Vid\u00e9kfejleszt\u00e9si Alap:\u00a0a vid\u00e9ki ter\u00fcletekbe beruh\u00e1z\u00f3 Eur\u00f3pa Helyi Vid\u00e9kfejleszt\u00e9si Strat\u00e9gia Strat\u00e9gia elolvas\u00e1sa, let\u00f6lt\u00e9se","rel":"","context":"Similar post","img":{"alt_text":"","src":"","width":0,"height":0},"classes":[]},{"id":1456,"url":"https:\/\/bukkleader.hu\/old\/leader-felhivasok\/helyi-videkfejlesztesi-strategia-vegrehajtasa-2007-2013\/","url_meta":{"origin":24,"position":3},"title":"A Helyi Vid\u00e9kfejleszt\u00e9si Strat\u00e9gia V\u00e9grehajt\u00e1sa 2007-2013","date":"2017-12-16","format":false,"excerpt":"B\u00dcKK-MAK LEADER NONPROFIT KFT.; B\u00dcKK-T\u00c9RS\u00c9GI LEADER EGYES\u00dcLET A HELYI VID\u00c9KFEJLESZT\u00c9SI STRAT\u00c9GIA V\u00c9GREHAJT\u00c1SA Z\u00c1R\u00d3JELENT\u00c9S 2007-2013 A dokumentum itt olvashat\u00f3>> BTLE Z\u00e1r\u00f3besz\u00e1mol\u00f3 t\u00e1mogatott p\u00e1ly\u00e1zatok \u00f6sszes\u00edt\u00e9se t\u00e1bl\u00e1zat A t\u00e1bl\u00e1zat itt olvashat\u00f3>>","rel":"","context":"Similar post","img":{"alt_text":"","src":"","width":0,"height":0},"classes":[]},{"id":1454,"url":"https:\/\/bukkleader.hu\/old\/leader-felhivasok\/kotelezo-tajekoztatas-es-nyilvanossag-biztositasa\/","url_meta":{"origin":24,"position":4},"title":"K\u00f6telez\u0151 t\u00e1j\u00e9koztat\u00e1s \u00e9s nyilv\u00e1noss\u00e1g biztos\u00edt\u00e1sa","date":"2017-12-16","format":false,"excerpt":"Vid\u00e9kfejleszt\u00e9si Program Kedvezm\u00e9nyezettek t\u00e1j\u00e9koztat\u00e1si k\u00f6telezetts\u00e9gei 2014-2020. 2.1. A dokumentum olvas\u00e1sa, let\u00f6lt\u00e9se itt>> A B\u00fckk-T\u00e9rs\u00e9gi LEADER Egyes\u00fclet log\u00f3ja let\u00f6lthet\u0151 itt>>","rel":"","context":"Similar post","img":{"alt_text":"btle_logo","src":"https:\/\/i0.wp.com\/bukkleader.hu\/old\/wp-content\/uploads\/2017\/12\/btle_logo.jpg?resize=350%2C200&ssl=1","width":350,"height":200},"classes":[]},{"id":2,"url":"https:\/\/bukkleader.hu\/old\/kapcsolat\/","url_meta":{"origin":24,"position":5},"title":"Kapcsolat","date":"2015-08-16","format":false,"excerpt":"Kapcsolat felv\u00e9tel, \u00edrjon nek\u00fcnkEl\u00e9rhet\u0151s\u00e9geinkHACS n\u00e9v: B\u00fckk-T\u00e9rs\u00e9gi LEADER Egyes\u00fcletPostac\u00edm\/\u00fcgyf\u00e9lszolg\u00e1lati iroda c\u00edme: 3554 B\u00fckkaranyos, Nagy-ferenczi tanyaTel.: 46\/576-280Fax: 46\/576-281E-mail:\u00a0hacs@bukkleader.huNyitvatart\u00e1s, \u00fcgyf\u00e9lfogad\u00e1s (telefonon, el\u0151re egyeztetett id\u0151pontban):H\u00e9tf\u0151: 8:00 - 16:00Kedd: 8:00 - 16:00Szerda: 8:00 - 18:00Cs\u00fct\u00f6rt\u00f6k: 8:00 - 16:00P\u00e9ntek: 8:00 - 16:00Megk\u00f6zel\u00edthet\u0151s\u00e9g:","rel":"","context":"Similar post","img":{"alt_text":"","src":"","width":0,"height":0},"classes":[]}],"_links":{"self":[{"href":"https:\/\/bukkleader.hu\/old\/wp-json\/wp\/v2\/pages\/24"}],"collection":[{"href":"https:\/\/bukkleader.hu\/old\/wp-json\/wp\/v2\/pages"}],"about":[{"href":"https:\/\/bukkleader.hu\/old\/wp-json\/wp\/v2\/types\/page"}],"author":[{"embeddable":true,"href":"https:\/\/bukkleader.hu\/old\/wp-json\/wp\/v2\/users\/1"}],"replies":[{"embeddable":true,"href":"https:\/\/bukkleader.hu\/old\/wp-json\/wp\/v2\/comments?post=24"}],"version-history":[{"count":19,"href":"https:\/\/bukkleader.hu\/old\/wp-json\/wp\/v2\/pages\/24\/revisions"}],"predecessor-version":[{"id":1969,"href":"https:\/\/bukkleader.hu\/old\/wp-json\/wp\/v2\/pages\/24\/revisions\/1969"}],"wp:attachment":[{"href":"https:\/\/bukkleader.hu\/old\/wp-json\/wp\/v2\/media?parent=24"}],"curies":[{"name":"wp","href":"https:\/\/api.w.org\/{rel}","templated":true}]}}