{"version":"1.0","provider_name":"B\u00fckk - t\u00e9rs\u00e9gi LEADER Egyes\u00fclet","provider_url":"https:\/\/bukkleader.hu\/old","author_name":"B\u00fckk-t\u00e9rs\u00e9gi LEADER Egyes\u00fclet","author_url":"https:\/\/bukkleader.hu\/old\/author\/angyall1\/","title":"T\u00f6bb lehet\u0151s\u00e9get kap a vid\u00e9kfejleszt\u00e9s 2014\u22122020 k\u00f6z\u00f6tt - B\u00fckk - t\u00e9rs\u00e9gi LEADER Egyes\u00fclet","type":"rich","width":600,"height":338,"html":"<blockquote class=\"wp-embedded-content\"><a href=\"https:\/\/bukkleader.hu\/old\/tobb-lehetoseget-kap-a-videkfejlesztes-2014%e2%88%922020-kozott\/\">T\u00f6bb lehet\u0151s\u00e9get kap a vid\u00e9kfejleszt\u00e9s 2014\u22122020 k\u00f6z\u00f6tt<\/a><\/blockquote>\n<script type='text\/javascript'>\n<!--\/\/--><![CDATA[\/\/><!--\n\t\t\/*! This file is auto-generated *\/\n\t\t!function(d,l){\"use strict\";var e=!1,n=!1;if(l.querySelector)if(d.addEventListener)e=!0;if(d.wp=d.wp||{},!d.wp.receiveEmbedMessage)if(d.wp.receiveEmbedMessage=function(e){var t=e.data;if(t)if(t.secret||t.message||t.value)if(!\/[^a-zA-Z0-9]\/.test(t.secret)){for(var r,i,a,s=l.querySelectorAll('iframe[data-secret=\"'+t.secret+'\"]'),n=l.querySelectorAll('blockquote[data-secret=\"'+t.secret+'\"]'),o=new RegExp(\"^https?:$\",\"i\"),c=0;c<n.length;c++)n[c].style.display=\"none\";for(c=0;c<s.length;c++)if(r=s[c],e.source===r.contentWindow){if(r.removeAttribute(\"style\"),\"height\"===t.message){if(1e3<(a=parseInt(t.value,10)))a=1e3;else if(~~a<200)a=200;r.height=a}if(\"link\"===t.message)if(i=l.createElement(\"a\"),a=l.createElement(\"a\"),i.href=r.getAttribute(\"src\"),a.href=t.value,o.test(a.protocol))if(a.host===i.host)if(l.activeElement===r)d.top.location.href=t.value}}},e)d.addEventListener(\"message\",d.wp.receiveEmbedMessage,!1),l.addEventListener(\"DOMContentLoaded\",t,!1),d.addEventListener(\"load\",t,!1);function t(){if(!n){n=!0;for(var e,t,r=-1!==navigator.appVersion.indexOf(\"MSIE 10\"),i=!!navigator.userAgent.match(\/Trident.*rv:11\\.\/),a=l.querySelectorAll(\"iframe.wp-embedded-content\"),s=0;s<a.length;s++){if(!(e=a[s]).getAttribute(\"data-secret\"))t=Math.random().toString(36).substr(2,10),e.src+=\"#?secret=\"+t,e.setAttribute(\"data-secret\",t);if(r||i)(t=e.cloneNode(!0)).removeAttribute(\"security\"),e.parentNode.replaceChild(t,e)}}}}(window,document);\n\/\/--><!]]>\n<\/script><iframe sandbox=\"allow-scripts\" security=\"restricted\" src=\"https:\/\/bukkleader.hu\/old\/tobb-lehetoseget-kap-a-videkfejlesztes-2014%e2%88%922020-kozott\/embed\/\" width=\"600\" height=\"338\" title=\"&#8220;T\u00f6bb lehet\u0151s\u00e9get kap a vid\u00e9kfejleszt\u00e9s 2014\u22122020 k\u00f6z\u00f6tt&#8221; &#8212; B\u00fckk - t\u00e9rs\u00e9gi LEADER Egyes\u00fclet\" frameborder=\"0\" marginwidth=\"0\" marginheight=\"0\" scrolling=\"no\" class=\"wp-embedded-content\"><\/iframe>","thumbnail_url":"https:\/\/bukkleader.hu\/old\/wp-content\/uploads\/2015\/09\/magyar-cimer.jpg","thumbnail_width":384,"thumbnail_height":418,"description":"\u201eAlapjaiban megv\u00e1ltozik a mez\u0151gazdas\u00e1g \u00e9s a vid\u00e9kfejleszt\u00e9s t\u00e1mogat\u00e1sa a 2014-ben kezd\u0151d\u0151 uni\u00f3s k\u00f6lts\u00e9gvet\u00e9si id\u0151szakban. A konkr\u00e9t c\u00e9lokat, a sz\u00fcks\u00e9ges forr\u00e1s nagys\u00e1g\u00e1t azonban csak a f\u00f6ldt\u00f6rv\u00e9ny elfogad\u00e1sa, illetve az orsz\u00e1gos vid\u00e9kfejleszt\u00e9si helyzet\u00e9rt\u00e9kel\u00e9s elk\u00e9sz\u00fclte ut\u00e1n kezdheti meghat\u00e1rozni a t\u00e1rca \u2212 mondta a Napi Gazdas\u00e1gnak V. N\u00e9meth Zsolt, a Vid\u00e9kfejleszt\u00e9si Miniszt\u00e9rium vid\u00e9kfejleszt\u00e9s\u00e9rt felel\u0151s \u00e1llamtitk\u00e1ra.\u201d Tov\u00e1bb a teljes cikkhez [&hellip;] ... Olvas\u00e1s folytat\u00e1sa"}