{"version":"1.0","provider_name":"B\u00fckk - t\u00e9rs\u00e9gi LEADER Egyes\u00fclet","provider_url":"https:\/\/bukkleader.hu\/old","author_name":"B\u00fckk-t\u00e9rs\u00e9gi LEADER Egyes\u00fclet","author_url":"https:\/\/bukkleader.hu\/old\/author\/angyall1\/","title":"Nagyobb szerepet k\u00edn\u00e1l az EU a Helyi K\u00f6z\u00f6ss\u00e9geknek - B\u00fckk - t\u00e9rs\u00e9gi LEADER Egyes\u00fclet","type":"rich","width":600,"height":338,"html":"<blockquote class=\"wp-embedded-content\"><a href=\"https:\/\/bukkleader.hu\/old\/nagyobb-szerepet-kinal-az-eu-a-helyi-kozossegeknek\/\">Nagyobb szerepet k\u00edn\u00e1l az EU a Helyi K\u00f6z\u00f6ss\u00e9geknek<\/a><\/blockquote>\n<script type='text\/javascript'>\n<!--\/\/--><![CDATA[\/\/><!--\n\t\t\/*! This file is auto-generated *\/\n\t\t!function(d,l){\"use strict\";var e=!1,n=!1;if(l.querySelector)if(d.addEventListener)e=!0;if(d.wp=d.wp||{},!d.wp.receiveEmbedMessage)if(d.wp.receiveEmbedMessage=function(e){var t=e.data;if(t)if(t.secret||t.message||t.value)if(!\/[^a-zA-Z0-9]\/.test(t.secret)){for(var r,i,a,s=l.querySelectorAll('iframe[data-secret=\"'+t.secret+'\"]'),n=l.querySelectorAll('blockquote[data-secret=\"'+t.secret+'\"]'),o=new RegExp(\"^https?:$\",\"i\"),c=0;c<n.length;c++)n[c].style.display=\"none\";for(c=0;c<s.length;c++)if(r=s[c],e.source===r.contentWindow){if(r.removeAttribute(\"style\"),\"height\"===t.message){if(1e3<(a=parseInt(t.value,10)))a=1e3;else if(~~a<200)a=200;r.height=a}if(\"link\"===t.message)if(i=l.createElement(\"a\"),a=l.createElement(\"a\"),i.href=r.getAttribute(\"src\"),a.href=t.value,o.test(a.protocol))if(a.host===i.host)if(l.activeElement===r)d.top.location.href=t.value}}},e)d.addEventListener(\"message\",d.wp.receiveEmbedMessage,!1),l.addEventListener(\"DOMContentLoaded\",t,!1),d.addEventListener(\"load\",t,!1);function t(){if(!n){n=!0;for(var e,t,r=-1!==navigator.appVersion.indexOf(\"MSIE 10\"),i=!!navigator.userAgent.match(\/Trident.*rv:11\\.\/),a=l.querySelectorAll(\"iframe.wp-embedded-content\"),s=0;s<a.length;s++){if(!(e=a[s]).getAttribute(\"data-secret\"))t=Math.random().toString(36).substr(2,10),e.src+=\"#?secret=\"+t,e.setAttribute(\"data-secret\",t);if(r||i)(t=e.cloneNode(!0)).removeAttribute(\"security\"),e.parentNode.replaceChild(t,e)}}}}(window,document);\n\/\/--><!]]>\n<\/script><iframe sandbox=\"allow-scripts\" security=\"restricted\" src=\"https:\/\/bukkleader.hu\/old\/nagyobb-szerepet-kinal-az-eu-a-helyi-kozossegeknek\/embed\/\" width=\"600\" height=\"338\" title=\"&#8220;Nagyobb szerepet k\u00edn\u00e1l az EU a Helyi K\u00f6z\u00f6ss\u00e9geknek&#8221; &#8212; B\u00fckk - t\u00e9rs\u00e9gi LEADER Egyes\u00fclet\" frameborder=\"0\" marginwidth=\"0\" marginheight=\"0\" scrolling=\"no\" class=\"wp-embedded-content\"><\/iframe>","thumbnail_url":"https:\/\/bukkleader.hu\/old\/wp-content\/uploads\/2012\/06\/eu-zaszlo384w.jpg","thumbnail_width":384,"thumbnail_height":384,"description":"A k\u00f6z\u00f6ss\u00e9gi alap\u00fa helyi fejleszt\u00e9sek szerep\u00e9r\u0151l \u00e9s az Eur\u00f3pai Uni\u00f3 LEADER programj\u00e1nak j\u00f6v\u0151j\u00e9r\u0151l szervezett nemzetk\u00f6zi konferenci\u00e1t a Magyar Nemzeti Vid\u00e9ki H\u00e1l\u00f3zat, amelyet m\u00e1r a 2014-t\u0151l kezd\u0151d\u0151 h\u00e9t\u00e9ves id\u0151szakra val\u00f3 felk\u00e9sz\u00fcl\u00e9s jegy\u00e9ben tartottak. Tov\u00e1bb a teljes cikkhez a www.umvp.eu weboldalra &gt;&gt; ... Olvas\u00e1s folytat\u00e1sa"}